{"id":1455,"date":"2018-01-31T11:08:19","date_gmt":"2018-01-31T10:08:19","guid":{"rendered":"http:\/\/annexedutraindevie.com\/?page_id=1455"},"modified":"2020-06-09T15:43:01","modified_gmt":"2020-06-09T14:43:01","slug":"les-improbables","status":"publish","type":"page","link":"https:\/\/annexeromainville.com\/index.php\/les-improbables\/","title":{"rendered":"Les improbables"},"content":{"rendered":"<div id=\"pl-1455\"  class=\"panel-layout\" ><div id=\"pg-1455-0\"  class=\"panel-grid panel-no-style\" ><div id=\"pgc-1455-0-0\"  class=\"panel-grid-cell\" ><div id=\"panel-1455-0-0-0\" class=\"so-panel widget widget_sow-image panel-first-child panel-last-child\" data-index=\"0\" ><div\n\t\t\t\n\t\t\tclass=\"so-widget-sow-image so-widget-sow-image-default-c67d20f9f743-1455\"\n\t\t\t\n\t\t>\n<div class=\"sow-image-container\">\n\t\t<img \n\tsrc=\"https:\/\/annexeromainville.com\/wp-content\/uploads\/2018\/04\/spectacle-1.jpg\" width=\"613\" height=\"68\" srcset=\"https:\/\/annexeromainville.com\/wp-content\/uploads\/2018\/04\/spectacle-1.jpg 613w, https:\/\/annexeromainville.com\/wp-content\/uploads\/2018\/04\/spectacle-1-300x33.jpg 300w\" sizes=\"(max-width: 613px) 100vw, 613px\" title=\"spectacle (1)\" alt=\"\" loading=\"lazy\" \t\tclass=\"so-widget-image\"\/>\n\t<\/div>\n\n<\/div><\/div><\/div><\/div><div id=\"pg-1455-1\"  class=\"panel-grid panel-no-style\" ><div id=\"pgc-1455-1-0\"  class=\"panel-grid-cell\" ><div id=\"panel-1455-1-0-0\" class=\"so-panel widget widget_sow-editor panel-first-child panel-last-child\" data-index=\"1\" ><div\n\t\t\t\n\t\t\tclass=\"so-widget-sow-editor so-widget-sow-editor-base\"\n\t\t\t\n\t\t>\n<div class=\"siteorigin-widget-tinymce textwidget\">\n\t<p style=\"text-align: center;\"><span style=\"color: #000000;\">Les improbables sont des spectacles de formes et d'\u00e9critures atypiques, absurdes ou burlesques.<\/span><\/p>\n<p><span style=\"color: #000000;\"><strong><span style=\"text-decoration: underline;\">Saison 2019\/2020<\/span> :<\/strong><\/span><br \/>\n<a href=\"http:\/\/annexeromainville.com\/index.php\/l1consolable-en-concert\/\"><em>L'1consolable en concert<\/em><\/a> \/ <a href=\"http:\/\/annexeromainville.com\/index.php\/release-party-de-l1consolable\/\"><em>Release Party de L'Album Sauvage<\/em><\/a><span style=\"color: #000000;\">, par L'1consolable<\/span><br \/>\n<a href=\"http:\/\/annexeromainville.com\/index.php\/anatomie-dune-playlist\/\"><em>Anatomie d'une Playlist<\/em><\/a><span style=\"color: #000000;\">, par La Grosse Plateforme<\/span><br \/>\n<a href=\"http:\/\/annexeromainville.com\/index.php\/le-prince-et-le-voleur\/\"><em>Le Prince &amp; le Voleur<\/em><\/a><span style=\"color: #000000;\"><em>,<\/em> par La Compagnie Bubblegum Parfum : Dessert<\/span><br \/>\n<a href=\"http:\/\/annexeromainville.com\/index.php\/cest-vous-qui-le-dites\/\"><em>C'est vous qui le dites !<\/em><\/a><span style=\"color: #000000;\">, par la Compagnie Diva d'un Bar<\/span><\/p>\n<p><strong><span style=\"text-decoration: underline; color: #000000;\">Saison 2018\/2019 :<\/span><\/strong><br \/>\n<em><a href=\"http:\/\/annexedutraindevie.com\/index.php\/ticket-gagnant\/\">Ticket Gagnant<\/a><\/em><span style=\"color: #000000;\">, par le Collectif Clac!<\/span><br \/>\n<a href=\"http:\/\/annexedutraindevie.com\/index.php\/festijazz\/\"><em>Festi'Jazz<\/em><\/a><span style=\"color: #000000;\">, 6 soir\u00e9es con\u00e7ues par Serge Adam<\/span><br \/>\n<a href=\"http:\/\/annexedutraindevie.com\/index.php\/les-morts-damour\/\"><em>Les Morts d'Amour<\/em><\/a><span style=\"color: #000000;\">, par la Compagnie du Si\u00e8cle<\/span><br \/>\n<span style=\"color: #000000;\"><a href=\"http:\/\/annexedutraindevie.com\/index.php\/claude\/\"><em>Claude<\/em><\/a>, de et par Gauthier Ployette<\/span><\/p>\n<p><strong><span style=\"text-decoration: underline; color: #000000;\">Saison 2017\/2018 :<\/span><\/strong><br \/>\n<span style=\"color: #000000;\"><a href=\"http:\/\/annexedutraindevie.com\/index.php\/the-music-hole\/\"><span style=\"color: #ff0000;\"><em>The Music Hole<\/em><\/span><\/a>, avec Yan Vagh, Antoine Abed et Benjamin Colin<br \/>\n<a href=\"http:\/\/annexedutraindevie.com\/index.php\/hradcany\/\"><span style=\"color: #ff0000;\"><em>Hrad\u010dany<\/em><\/span><\/a>, avec Serge Adam, David Venitucci et Philippe Botta<a href=\"http:\/\/annexedutraindevie.com\/index.php\/tnt-tresors-nationaux-du-theatre-2\/\"><span style=\"color: #ff0000;\"><br \/>\n<em>TNT (Tr\u00e9sors Nationaux du Th\u00e9\u00e2tre)<\/em><\/span><\/a>, de Pierre-Vincent Chapus par la Cie Bubblegum Parfum D\u00e9sert<\/span><br \/>\n<span style=\"color: #000000;\"><a href=\"http:\/\/annexedutraindevie.com\/index.php\/oh-les-beaux-jours\/\"><span style=\"color: #ff0000;\"><em>Oh ! Les beaux jours<\/em><\/span><\/a>, de Samuel Beckett par la Cie Op\u00e9ra de Bouche \u00e0 Oreille<\/span><br \/>\n<span style=\"color: #000000;\"><a href=\"http:\/\/annexedutraindevie.com\/index.php\/les-trucs-bizarres\/\"><span style=\"color: #ff0000;\"><em>Cut !<\/em><\/span><\/a>, D'Emmanuelle Marie par la Cie Sapiens Brushing<\/span><\/p>\n<p><strong><span style=\"text-decoration: underline; color: #000000;\">Saison 2016\/2017 :<\/span><\/strong><br \/>\n<span style=\"color: #000000;\"><span style=\"color: #ff0000;\"><a href=\"http:\/\/annexedutraindevie.com\/index.php\/journal-dune-apparition\/\"><em>Journal d'une apparition<\/em><\/a><\/span>, de Robert Desmos avec Serge Adam, Tiana Pividori, Christelle Sery<\/span><br \/>\n<span style=\"color: #000000;\"><span style=\"color: #ff0000;\"><a href=\"http:\/\/annexedutraindevie.com\/index.php\/gargaroutch\/\"><em>Gargaroutch<\/em><\/a><\/span>, avec Roberto Pisanu<\/span><br \/>\n<span style=\"color: #000000;\"><span style=\"color: #ff0000;\"><a href=\"http:\/\/annexedutraindevie.com\/index.php\/kaput-system-2\/\"><em>Kaput Syst\u00e8me<\/em><\/a><\/span>, de Michel Froehly, avec Emmanuel Matte<\/span><br \/>\n<span style=\"color: #000000;\"><span style=\"color: #ff0000;\"><a href=\"http:\/\/annexedutraindevie.com\/index.php\/toit-mon-toit\/\"><em>Toit mon toit<\/em><\/a><\/span>, de et par Alexis Delmastro<\/span><br \/>\n<span style=\"color: #000000;\"><span style=\"color: #ff0000;\"><a href=\"http:\/\/annexedutraindevie.com\/index.php\/toute-la-mer-du-monde\/\"><em>Toute la mer du monde<\/em><\/a><\/span>, De France Cartigny, mise en sc\u00e8ne de Muriel Benazeraf avec Alexis Desmastro<\/span><br \/>\n<span style=\"color: #000000;\"><span style=\"color: #ff0000;\"><a href=\"http:\/\/annexedutraindevie.com\/index.php\/la-colere-des-minuscules-2\/\"><em>La Col\u00e8re des Minuscules<\/em><\/a><\/span>, avec Jessica Buresi et Fleur Sulmont<\/span><br \/>\n<span style=\"color: #000000;\"><span style=\"color: #ff0000;\"><a href=\"http:\/\/annexedutraindevie.com\/index.php\/herve\/\"><em>Herv\u00e9<\/em><\/a><\/span>, De et par Adrienne Olle et Johann Cuny<\/span><br \/>\n<span style=\"color: #000000;\"><span style=\"color: #ff0000;\"><a href=\"http:\/\/annexedutraindevie.com\/index.php\/les-enquetes-extraordinaires-de-yolanda-harps-2\/\"><em>Les enqu\u00eates extraordinaires de Yolanda Harps<\/em><\/a><\/span>, de par et avec Mathilde Saubole<\/span><br \/>\n<span style=\"color: #000000;\"><em>Les lectures Ethyliques de Renaud<\/em>, avec Renaud Barse, Jean Denis Aln, Kalifa Diabira et David Lafore<\/span><br \/>\n<span style=\"color: #000000;\"><em>Trilobite par Courtoisie<\/em>, par Les Morichettes and Co<\/span><br \/>\n<span style=\"color: #000000;\"><em>\u00c9mile dans la nuit<\/em>, par la Compagnie Azabache<\/span><\/p>\n<\/div>\n<\/div><\/div><\/div><\/div><\/div>","protected":false},"excerpt":{"rendered":"<p>Les improbables sont des spectacles de formes et d&#8217;\u00e9critures atypiques, absurdes ou burlesques. Saison 2019\/2020 : L&#8217;1consolable en concert \/ Release Party de L&#8217;Album Sauvage, par L&#8217;1consolable Anatomie d&#8217;une Playlist,<span class=\"read-more-wrap\"><a class=\"moretag\" href=\"https:\/\/annexeromainville.com\/index.php\/les-improbables\/\">Lire la suite<span class=\"screen-reader-text\">Les improbables<\/span><\/a><\/span><\/p>\n","protected":false},"author":2,"featured_media":0,"parent":0,"menu_order":0,"comment_status":"closed","ping_status":"closed","template":"","meta":{"_bbp_topic_count":0,"_bbp_reply_count":0,"_bbp_total_topic_count":0,"_bbp_total_reply_count":0,"_bbp_voice_count":0,"_bbp_anonymous_reply_count":0,"_bbp_topic_count_hidden":0,"_bbp_reply_count_hidden":0,"_bbp_forum_subforum_count":0,"ngg_post_thumbnail":0},"_links":{"self":[{"href":"https:\/\/annexeromainville.com\/index.php\/wp-json\/wp\/v2\/pages\/1455"}],"collection":[{"href":"https:\/\/annexeromainville.com\/index.php\/wp-json\/wp\/v2\/pages"}],"about":[{"href":"https:\/\/annexeromainville.com\/index.php\/wp-json\/wp\/v2\/types\/page"}],"author":[{"embeddable":true,"href":"https:\/\/annexeromainville.com\/index.php\/wp-json\/wp\/v2\/users\/2"}],"replies":[{"embeddable":true,"href":"https:\/\/annexeromainville.com\/index.php\/wp-json\/wp\/v2\/comments?post=1455"}],"version-history":[{"count":33,"href":"https:\/\/annexeromainville.com\/index.php\/wp-json\/wp\/v2\/pages\/1455\/revisions"}],"predecessor-version":[{"id":3466,"href":"https:\/\/annexeromainville.com\/index.php\/wp-json\/wp\/v2\/pages\/1455\/revisions\/3466"}],"wp:attachment":[{"href":"https:\/\/annexeromainville.com\/index.php\/wp-json\/wp\/v2\/media?parent=1455"}],"curies":[{"name":"wp","href":"https:\/\/api.w.org\/{rel}","templated":true}]}}