{"id":2083,"date":"2018-09-06T14:22:42","date_gmt":"2018-09-06T13:22:42","guid":{"rendered":"http:\/\/annexedutraindevie.com\/?page_id=2083"},"modified":"2018-11-15T11:56:15","modified_gmt":"2018-11-15T10:56:15","slug":"claude","status":"publish","type":"page","link":"https:\/\/annexeromainville.com\/index.php\/claude\/","title":{"rendered":"Claude"},"content":{"rendered":"<div id=\"pl-2083\"  class=\"panel-layout\" ><div id=\"pg-2083-0\"  class=\"panel-grid panel-no-style\" ><div id=\"pgc-2083-0-0\"  class=\"panel-grid-cell\" ><div id=\"panel-2083-0-0-0\" class=\"so-panel widget widget_sow-editor panel-first-child panel-last-child\" data-index=\"0\" ><div\n\t\t\t\n\t\t\tclass=\"so-widget-sow-editor so-widget-sow-editor-base\"\n\t\t\t\n\t\t>\n<div class=\"siteorigin-widget-tinymce textwidget\">\n\t<h1 style=\"text-align: center;\"><strong><em><span style=\"color: #000000;\">Claude<\/span><\/em><\/strong><\/h1>\n<h3 style=\"text-align: center;\"><span style=\"color: #000000;\">Du 8 au 24 novembre 2018<\/span><br \/>\n<span style=\"color: #000000;\">Chaque jeudi, vendredi et samedi \u00e0 20h<\/span><\/h3>\n<p style=\"text-align: center;\"><strong><span style=\"color: #000000;\">Ouverture des portes : 19h45<br \/>\nA partir de 12 ans.<\/span><\/strong><\/p>\n<\/div>\n<\/div><\/div><\/div><\/div><div id=\"pg-2083-1\"  class=\"panel-grid panel-no-style\" ><div id=\"pgc-2083-1-0\"  class=\"panel-grid-cell\" ><div id=\"panel-2083-1-0-0\" class=\"so-panel widget widget_sow-image panel-first-child panel-last-child\" data-index=\"1\" ><div\n\t\t\t\n\t\t\tclass=\"so-widget-sow-image so-widget-sow-image-default-8b5b6f678277-2083\"\n\t\t\t\n\t\t>\n<div class=\"sow-image-container\">\n\t\t<img \n\tsrc=\"https:\/\/annexeromainville.com\/wp-content\/uploads\/2018\/09\/Claude-Affiche-perso.png\" width=\"1252\" height=\"1294\" srcset=\"https:\/\/annexeromainville.com\/wp-content\/uploads\/2018\/09\/Claude-Affiche-perso.png 1252w, https:\/\/annexeromainville.com\/wp-content\/uploads\/2018\/09\/Claude-Affiche-perso-290x300.png 290w, https:\/\/annexeromainville.com\/wp-content\/uploads\/2018\/09\/Claude-Affiche-perso-768x794.png 768w, https:\/\/annexeromainville.com\/wp-content\/uploads\/2018\/09\/Claude-Affiche-perso-991x1024.png 991w\" sizes=\"(max-width: 1252px) 100vw, 1252px\" title=\"Claude Affiche perso\" alt=\"\" loading=\"lazy\" \t\tclass=\"so-widget-image\"\/>\n\t<\/div>\n\n<\/div><\/div><\/div><div id=\"pgc-2083-1-1\"  class=\"panel-grid-cell\" ><div id=\"panel-2083-1-1-0\" class=\"so-panel widget widget_sow-editor panel-first-child panel-last-child\" data-index=\"2\" ><div\n\t\t\t\n\t\t\tclass=\"so-widget-sow-editor so-widget-sow-editor-base\"\n\t\t\t\n\t\t>\n<div class=\"siteorigin-widget-tinymce textwidget\">\n\t<h4><strong><span style=\"color: #000000;\">De et par Gauthier Ployette<\/span><\/strong><\/h4>\n<p><em><span style=\"color: #000000;\">Claude, 24 ans, seul en sc\u00e8ne, est un \u00eatre vivant de l\u2019esp\u00e8ce humaine : Homo sapiens, commun\u00e9ment appel\u00e9 homme moderne, \u00ab homme \u00bb, \u00ab homme anatomiquement moderne \u00bb, \u00ab humain \u00bb ou encore \u00ab \u00eatre humain \u00bb, autrement dit, une esp\u00e8ce de primates appartenant \u00e0 la famille des hominid\u00e9s.<\/span><\/em><\/p>\n<p><em><span style=\"color: #000000;\">Que fait-il ? O\u00f9 va-t-il ? Qui est-il ?<\/span><\/em><\/p>\n<p><em><span style=\"color: #000000;\">Entre homme, femme, enfant, qu\u2019importe ce qu\u2019il peut \u00eatre. Claude a des choses \u00e0 dire. Pr\u00eatez-lui vos oreilles, vos yeux et vos cerveaux. Peut-\u00eatre, qu'il se passera de belles choses. Vous \u00eates donc invit\u00e9s \u00e0 venir d\u00e9couvrir son univers...<\/span><\/em><\/p>\n<hr \/>\n<p><span style=\"color: #000000;\">L\u2019embryon du spectacle <em>Claude<\/em> se cr\u00e9\u00e9 le 30 janvier 2013 au th\u00e9\u00e2tre de La Chapelle (Montr\u00e9al) lorsque Gauthier Ployette assiste \u00e0 la repr\u00e9sentation du seul-en-sc\u00e8ne de VANESSA VAN DURME, <em>Regarde maman, je danse.<\/em> L\u2019actrice et sc\u00e9nariste transsexuelle gantoise y d\u00e9voile sans tabou son histoire.<\/span><br \/>\n<span style=\"color: #000000;\">L\u2019embryon se r\u00e9veille, le 2 avril 2014, date \u00e0 laquelle la plus haute juridiction d'Australie d\u00e9cide qu'une personne peut \u00eatre reconnue l\u00e9galement comme n\u2019\u00e9tant ni de sexe masculin ni de sexe f\u00e9minin.<\/span><br \/>\n<span style=\"color: #000000;\"><em>Claude<\/em> na\u00eet sous une forme courte, le 5 d\u00e9cembre 2016, pour une soir\u00e9e spectacle dans une cave du 6e arrondissement de Paris. Depuis, il s\u2019est prolong\u00e9 sous une forme plus longue.<br \/>\n<\/span><\/p>\n<\/div>\n<\/div><\/div><\/div><\/div><div id=\"pg-2083-2\"  class=\"panel-grid panel-no-style\" ><div id=\"pgc-2083-2-0\"  class=\"panel-grid-cell panel-grid-cell-empty\" ><\/div><div id=\"pgc-2083-2-1\"  class=\"panel-grid-cell\" ><div id=\"panel-2083-2-1-0\" class=\"so-panel widget widget_sow-button panel-first-child panel-last-child\" data-index=\"3\" ><div\n\t\t\t\n\t\t\tclass=\"so-widget-sow-button so-widget-sow-button-atom-857739567c6a-2083\"\n\t\t\t\n\t\t><div class=\"ow-button-base ow-button-align-center\"\n>\n\t\t\t<a\n\t\t\t\t\thref=\"http:\/\/annexedutraindevie.com\/index.php\/reservation\/\"\n\t\t\t\t\tclass=\"sowb-button ow-icon-placement-left ow-button-hover\" target=\"_blank\" rel=\"noopener noreferrer\" \t>\n\t\t<span>\n\t\t\t\n\t\t\tR\u00e9server\t\t<\/span>\n\t\t\t<\/a>\n\t<\/div>\n<\/div><\/div><\/div><\/div><div id=\"pg-2083-3\"  class=\"panel-grid panel-no-style\" ><div id=\"pgc-2083-3-0\"  class=\"panel-grid-cell\" ><div id=\"panel-2083-3-0-0\" class=\"so-panel widget widget_sow-editor panel-first-child panel-last-child\" data-index=\"4\" ><div\n\t\t\t\n\t\t\tclass=\"so-widget-sow-editor so-widget-sow-editor-base\"\n\t\t\t\n\t\t>\n<div class=\"siteorigin-widget-tinymce textwidget\">\n\t<p style=\"text-align: center;\"><span style=\"color: #000000;\"><strong>Gauthier Ployette<\/strong><\/span><br \/>\n<span style=\"color: #000000;\"><strong>\u00e9criture\/jeu\/mise en sc\u00e8ne<\/strong><\/span><\/p>\n<p style=\"text-align: justify;\"><span style=\"color: #000000;\">Il d\u00e9bute le th\u00e9\u00e2tre \u00e0 l\u2019\u00e2ge de cinq ans en associatif. Autodidacte, il suit r\u00e9guli\u00e8rement des stages en tout genre (danse, th\u00e9\u00e2tre, impros, etc.) En 2007, il quitte la France pour rejoindre le Qu\u00e9bec o\u00f9 il d\u00e9croche son premier r\u00f4le t\u00e9l\u00e9visuel dans la s\u00e9rie <em>Providence<\/em>. Il encha\u00eene des r\u00f4les pour de nombreux courts m\u00e9trages et au th\u00e9\u00e2tre, notamment dans la pi\u00e8ce multidisciplinaire <em>Songes<\/em> du Th\u00e9\u00e2tre de l'Odyss\u00e9e.<\/span><br \/>\n<span style=\"color: #000000;\">En 2014, il revient en France o\u00f9 il \u00e9crit deux pi\u00e8ces : <em>ABXCD<\/em> et <em>Claude<\/em>, seul-ensc\u00e8ne qu\u2019il met en sc\u00e8ne et joue actuellement. Depuis deux ans, en lien avec ses envies de recherche, il s\u2019engage dans diff\u00e9rents projets alliant mise en sc\u00e8ne, performance et accompagnement artistique.<\/span><\/p>\n<\/div>\n<\/div><\/div><\/div><div id=\"pgc-2083-3-1\"  class=\"panel-grid-cell\" ><div id=\"panel-2083-3-1-0\" class=\"so-panel widget widget_sow-editor panel-first-child panel-last-child\" data-index=\"5\" ><div\n\t\t\t\n\t\t\tclass=\"so-widget-sow-editor so-widget-sow-editor-base\"\n\t\t\t\n\t\t>\n<div class=\"siteorigin-widget-tinymce textwidget\">\n\t<p style=\"text-align: center;\"><strong><span style=\"color: #000000;\">Simon Crasquin<\/span><\/strong><br \/>\n<strong><span style=\"color: #000000;\">Conception musicale<\/span><\/strong><\/p>\n<p style=\"text-align: justify;\"><span style=\"color: #000000;\">Depuis tout jeune, sa curiosit\u00e9 est attir\u00e9e par la manipulation audio. Autodidacte, il est multi instrumentiste.<\/span><br \/>\n<span style=\"color: #000000;\">En 2007, Il publie ses premiers travaux sous le nom de Z\u00fchn. Sa musique ambiante est un travail sur le temps et les textures. Elle est \u00e9vocatrice d\u2019images fortes.<\/span><br \/>\n<span style=\"color: #000000;\">Depuis 2016, il travaille \u00e0 la conception musicale de <em>Claude<\/em>.<\/span><br \/>\n<span style=\"color: #000000;\">En 2017, il collabore \u00e0 nouveau avec le th\u00e9\u00e2tre o\u00f9 il joue en live pour le spectacle \u00ab <em>Cheer up<\/em> \u00bb de l\u2019Insub\u2019 Collectif. A la suite de quoi il compose un morceau qui fait actuellement partie de la nouvelle version du spectacle.<\/span><\/p>\n<\/div>\n<\/div><\/div><\/div><\/div><div id=\"pg-2083-4\"  class=\"panel-grid panel-no-style\" ><div id=\"pgc-2083-4-0\"  class=\"panel-grid-cell\" ><div id=\"panel-2083-4-0-0\" class=\"so-panel widget widget_sow-editor panel-first-child\" data-index=\"6\" ><div\n\t\t\t\n\t\t\tclass=\"so-widget-sow-editor so-widget-sow-editor-base\"\n\t\t\t\n\t\t>\n<div class=\"siteorigin-widget-tinymce textwidget\">\n\t<p><iframe loading=\"lazy\" width=\"560\" height=\"315\" src=\"https:\/\/www.youtube.com\/embed\/REdHO2vB-gA\" frameborder=\"0\" allow=\"accelerometer; autoplay; encrypted-media; gyroscope; picture-in-picture\" allowfullscreen><\/iframe><\/p>\n<\/div>\n<\/div><\/div><div id=\"panel-2083-4-0-1\" class=\"so-panel widget widget_sow-editor panel-last-child\" data-index=\"7\" ><div\n\t\t\t\n\t\t\tclass=\"so-widget-sow-editor so-widget-sow-editor-base\"\n\t\t\t\n\t\t>\n<div class=\"siteorigin-widget-tinymce textwidget\">\n\t<p><iframe loading=\"lazy\" width=\"560\" height=\"315\" src=\"https:\/\/www.youtube.com\/embed\/baK4HEmGuM4\" frameborder=\"0\" allow=\"autoplay; encrypted-media\" allowfullscreen><\/iframe><\/p>\n<\/div>\n<\/div><\/div><\/div><\/div><\/div>","protected":false},"excerpt":{"rendered":"<p>Claude Du 8 au 24 novembre 2018 Chaque jeudi, vendredi et samedi \u00e0 20h Ouverture des portes : 19h45 A partir de 12 ans. De et par Gauthier Ployette Claude,<span class=\"read-more-wrap\"><a class=\"moretag\" href=\"https:\/\/annexeromainville.com\/index.php\/claude\/\">Lire la suite<span class=\"screen-reader-text\">Claude<\/span><\/a><\/span><\/p>\n","protected":false},"author":2,"featured_media":0,"parent":0,"menu_order":0,"comment_status":"closed","ping_status":"closed","template":"","meta":{"_bbp_topic_count":0,"_bbp_reply_count":0,"_bbp_total_topic_count":0,"_bbp_total_reply_count":0,"_bbp_voice_count":0,"_bbp_anonymous_reply_count":0,"_bbp_topic_count_hidden":0,"_bbp_reply_count_hidden":0,"_bbp_forum_subforum_count":0,"ngg_post_thumbnail":0},"_links":{"self":[{"href":"https:\/\/annexeromainville.com\/index.php\/wp-json\/wp\/v2\/pages\/2083"}],"collection":[{"href":"https:\/\/annexeromainville.com\/index.php\/wp-json\/wp\/v2\/pages"}],"about":[{"href":"https:\/\/annexeromainville.com\/index.php\/wp-json\/wp\/v2\/types\/page"}],"author":[{"embeddable":true,"href":"https:\/\/annexeromainville.com\/index.php\/wp-json\/wp\/v2\/users\/2"}],"replies":[{"embeddable":true,"href":"https:\/\/annexeromainville.com\/index.php\/wp-json\/wp\/v2\/comments?post=2083"}],"version-history":[{"count":12,"href":"https:\/\/annexeromainville.com\/index.php\/wp-json\/wp\/v2\/pages\/2083\/revisions"}],"predecessor-version":[{"id":2170,"href":"https:\/\/annexeromainville.com\/index.php\/wp-json\/wp\/v2\/pages\/2083\/revisions\/2170"}],"wp:attachment":[{"href":"https:\/\/annexeromainville.com\/index.php\/wp-json\/wp\/v2\/media?parent=2083"}],"curies":[{"name":"wp","href":"https:\/\/api.w.org\/{rel}","templated":true}]}}