{"id":2344,"date":"2019-01-22T17:39:04","date_gmt":"2019-01-22T16:39:04","guid":{"rendered":"http:\/\/annexedutraindevie.com\/?page_id=2344"},"modified":"2019-02-26T11:04:39","modified_gmt":"2019-02-26T10:04:39","slug":"festijazz","status":"publish","type":"page","link":"https:\/\/annexeromainville.com\/index.php\/festijazz\/","title":{"rendered":"Festi&#8217;Jazz \/ Musique Exp\u00e9rimentale"},"content":{"rendered":"<div id=\"pl-2344\"  class=\"panel-layout\" ><div id=\"pg-2344-0\"  class=\"panel-grid panel-no-style\" ><div id=\"pgc-2344-0-0\"  class=\"panel-grid-cell\" ><div id=\"panel-2344-0-0-0\" class=\"so-panel widget widget_sow-editor panel-first-child panel-last-child\" data-index=\"0\" ><div\n\t\t\t\n\t\t\tclass=\"so-widget-sow-editor so-widget-sow-editor-base\"\n\t\t\t\n\t\t>\n<div class=\"siteorigin-widget-tinymce textwidget\">\n\t<h2 style=\"text-align: center;\"><span style=\"color: #000000;\">Festi'Jazz \/ Musique Exp\u00e9rimentale<br \/>\n<\/span><\/h2>\n<h3 style=\"text-align: center;\"><span style=\"color: #000000;\">Soir\u00e9es Con\u00e7ues par Serge Adam<\/span><\/h3>\n<h3 style=\"text-align: center;\"><span style=\"color: #000000;\">Du 14 au 30 Mars 2019<\/span><br \/>\n<span style=\"color: #000000;\">Les Jeudis, Vendredis et Samedis \u00e0 20h<\/span><\/h3>\n<p style=\"text-align: center;\"><span style=\"color: #000000;\">Ouverture des Portes \u00e0 19h45<\/span><\/p>\n<p style=\"text-align: center;\"><span style=\"color: #000000;\">Dans le cadre de la Cinqui\u00e8me \u00e9dition de<\/span> <a href=\"http:\/\/www.bien-entendu-musique.com\"><em><span style=\"color: #ff0000;\">Bien Entendu<\/span><\/em><\/a> <span style=\"color: #000000;\">organis\u00e9s par le r\u00e9seaux Futurs Compos\u00e9s.<\/span><\/p>\n<p><a href=\"http:\/\/annexedutraindevie.com\/index.php\/festijazz\/400x400_fbprofil\/#main\" rel=\"attachment wp-att-2401\"><img loading=\"lazy\" class=\"aligncenter wp-image-2401\" src=\"http:\/\/annexedutraindevie.com\/wp-content\/uploads\/2019\/01\/400x400_fbprofil.jpg\" alt=\"\" width=\"168\" height=\"168\" srcset=\"https:\/\/annexeromainville.com\/wp-content\/uploads\/2019\/01\/400x400_fbprofil.jpg 800w, https:\/\/annexeromainville.com\/wp-content\/uploads\/2019\/01\/400x400_fbprofil-150x150.jpg 150w, https:\/\/annexeromainville.com\/wp-content\/uploads\/2019\/01\/400x400_fbprofil-300x300.jpg 300w, https:\/\/annexeromainville.com\/wp-content\/uploads\/2019\/01\/400x400_fbprofil-768x768.jpg 768w\" sizes=\"(max-width: 168px) 100vw, 168px\" \/><\/a><\/p>\n<\/div>\n<\/div><\/div><\/div><\/div><div id=\"pg-2344-1\"  class=\"panel-grid panel-no-style\" ><div id=\"pgc-2344-1-0\"  class=\"panel-grid-cell\" ><div id=\"panel-2344-1-0-0\" class=\"so-panel widget widget_sow-image panel-first-child panel-last-child\" data-index=\"1\" ><div\n\t\t\t\n\t\t\tclass=\"so-widget-sow-image so-widget-sow-image-default-8b5b6f678277-2344\"\n\t\t\t\n\t\t>\n<div class=\"sow-image-container\">\n\t\t<img \n\tsrc=\"https:\/\/annexeromainville.com\/wp-content\/uploads\/2019\/01\/Affiche-Festi-Jazz.png\" width=\"1240\" height=\"1412\" srcset=\"https:\/\/annexeromainville.com\/wp-content\/uploads\/2019\/01\/Affiche-Festi-Jazz.png 1240w, https:\/\/annexeromainville.com\/wp-content\/uploads\/2019\/01\/Affiche-Festi-Jazz-263x300.png 263w, https:\/\/annexeromainville.com\/wp-content\/uploads\/2019\/01\/Affiche-Festi-Jazz-768x875.png 768w, https:\/\/annexeromainville.com\/wp-content\/uploads\/2019\/01\/Affiche-Festi-Jazz-899x1024.png 899w\" sizes=\"(max-width: 1240px) 100vw, 1240px\" title=\"Affiche Festi Jazz\" alt=\"\" loading=\"lazy\" \t\tclass=\"so-widget-image\"\/>\n\t<\/div>\n\n<\/div><\/div><\/div><div id=\"pgc-2344-1-1\"  class=\"panel-grid-cell\" ><div id=\"panel-2344-1-1-0\" class=\"so-panel widget widget_sow-editor panel-first-child panel-last-child\" data-index=\"2\" ><div\n\t\t\t\n\t\t\tclass=\"so-widget-sow-editor so-widget-sow-editor-base\"\n\t\t\t\n\t\t>\n<div class=\"siteorigin-widget-tinymce textwidget\">\n\t<p><span style=\"color: #000000;\">Serge Adam est de retour! Habitu\u00e9 de l'Annexe depuis sa cr\u00e9ation, cette ann\u00e9e nous lui avons offert Carte Blanche.<\/span><br \/>\n<span style=\"color: #000000;\">Au programme 6 soir\u00e9es sur 9 repr\u00e9sentations compos\u00e9es de quelques pointures du genre.<\/span><\/p>\n<p style=\"text-align: center;\"><span style=\"color: #000000;\"><span style=\"color: #00ccff;\"><em><strong><span style=\"text-decoration: underline;\">Trans M\u00e9ditation<\/span><\/strong><\/em><\/span> :<\/span><br \/>\n<span style=\"color: #000000;\"><span style=\"color: #00ccff;\"><em>HAZAJ<\/em><\/span>, 14, 15, et 16 Mars \u00e0 20h<\/span><\/p>\n<p style=\"text-align: center;\"><span style=\"color: #000000;\"><span style=\"color: #00ccff;\"><em><strong><span style=\"text-decoration: underline;\">\u00c9lectro Choc<\/span><\/strong><\/em><\/span> :<\/span><br \/>\n<span style=\"color: #000000;\"><span style=\"color: #00ccff;\"><em>Brain Dance<\/em><\/span>, 21 Mars \u00e0 20h<\/span><br \/>\n<span style=\"color: #000000;\"><span style=\"color: #00ccff;\"><em>L'1consolable<\/em><\/span>, 22 Mars \u00e0 20h<\/span><br \/>\n<span style=\"color: #000000;\"><span style=\"color: #00ccff;\"><em>\u00c9lectrolux<\/em><\/span>, 23 Mars \u00e0 20h<\/span><\/p>\n<p style=\"text-align: center;\"><span style=\"color: #000000;\"><span style=\"color: #00ccff;\"><em><strong><span style=\"text-decoration: underline;\">Po\u00e9sie Sonore<\/span><\/strong><\/em><\/span> :<\/span><br \/>\n<span style=\"color: #000000;\"><span style=\"color: #00ccff;\"><em>Synomilia<\/em><\/span>, 28 et 29 Mars \u00e0 20h<\/span><br \/>\n<span style=\"color: #000000;\"><span style=\"color: #00ccff;\"><em>Journal d'une Apparition<\/em><\/span>, 30 Mars \u00e0 20h<\/span><\/p>\n<\/div>\n<\/div><\/div><\/div><\/div><div id=\"pg-2344-2\"  class=\"panel-grid panel-no-style\" ><div id=\"pgc-2344-2-0\"  class=\"panel-grid-cell\" ><div id=\"panel-2344-2-0-0\" class=\"so-panel widget widget_sow-button panel-first-child panel-last-child\" data-index=\"3\" ><div\n\t\t\t\n\t\t\tclass=\"so-widget-sow-button so-widget-sow-button-atom-857739567c6a-2344\"\n\t\t\t\n\t\t><div class=\"ow-button-base ow-button-align-center\"\n>\n\t\t\t<a\n\t\t\t\t\thref=\"http:\/\/annexedutraindevie.com\/index.php\/reservation\/\"\n\t\t\t\t\tclass=\"sowb-button ow-icon-placement-left ow-button-hover\" \t>\n\t\t<span>\n\t\t\t<span class=\"sow-icon-ionicons\" data-sow-icon=\"&#xf375;\"\n\t\tstyle=\"color: #dd9933\" \n\t\taria-hidden=\"true\"><\/span>\n\t\t\tR\u00e9server\t\t<\/span>\n\t\t\t<\/a>\n\t<\/div>\n<\/div><\/div><\/div><\/div><div id=\"pg-2344-3\"  class=\"panel-grid panel-no-style\" ><div id=\"pgc-2344-3-0\"  class=\"panel-grid-cell panel-grid-cell-empty\" ><\/div><div id=\"pgc-2344-3-1\"  class=\"panel-grid-cell panel-grid-cell-mobile-last\" ><div id=\"panel-2344-3-1-0\" class=\"so-panel widget widget_sow-editor panel-first-child panel-last-child\" data-index=\"4\" ><div\n\t\t\t\n\t\t\tclass=\"so-widget-sow-editor so-widget-sow-editor-base\"\n\t\t\t\n\t\t>\n<div class=\"siteorigin-widget-tinymce textwidget\">\n\t<h4 style=\"text-align: center;\"><span style=\"color: #00ccff;\"><em><strong>Transe m\u00e9ditation<\/strong><\/em><\/span><\/h4>\n<h5 style=\"text-align: center;\"><span style=\"color: #000000;\"><em>Hazaj<\/em> (cr\u00e9ation)<\/span><br \/>\n<span style=\"color: #000000;\">14, 15 et 16 mars 2019<\/span><\/h5>\n<p><span style=\"color: #000000;\">Avec Serge Adam (tp), Philippe Botta (neys), Titus Oppmann (contrebasse)<\/span><\/p>\n<p><span style=\"color: #000000;\">Un parcours initiatique \u00e0 partir des chants des muezzins d\u2019Iran, d\u2019Iraq et de Turquie mais aussi d\u2019Alg\u00e9rie et du Maroc, o\u00f9 s\u2019entrem\u00ealent les modes non temp\u00e9r\u00e9s du ney et de la trompette avec le son dis-continu de l\u2019archet de la contrebasse. Une invitation \u00e0 la m\u00e9ditation et au voyage m\u00e9diterran\u00e9en.<\/span><\/p>\n<\/div>\n<\/div><\/div><\/div><div id=\"pgc-2344-3-2\"  class=\"panel-grid-cell panel-grid-cell-empty\" ><\/div><\/div><div id=\"pg-2344-4\"  class=\"panel-grid panel-no-style\" ><div id=\"pgc-2344-4-0\"  class=\"panel-grid-cell\" ><div id=\"panel-2344-4-0-0\" class=\"so-panel widget widget_sow-image panel-first-child panel-last-child\" data-index=\"5\" ><div\n\t\t\t\n\t\t\tclass=\"so-widget-sow-image so-widget-sow-image-default-113ccd71f3e6-2344\"\n\t\t\t\n\t\t>\n<div class=\"sow-image-container\">\n\t\t<img \n\tsrc=\"https:\/\/annexeromainville.com\/wp-content\/uploads\/2019\/01\/hazaj1-768x221.jpg\" width=\"730\" height=\"210\" srcset=\"https:\/\/annexeromainville.com\/wp-content\/uploads\/2019\/01\/hazaj1-768x221.jpg 768w, https:\/\/annexeromainville.com\/wp-content\/uploads\/2019\/01\/hazaj1-300x86.jpg 300w, https:\/\/annexeromainville.com\/wp-content\/uploads\/2019\/01\/hazaj1-1024x294.jpg 1024w, https:\/\/annexeromainville.com\/wp-content\/uploads\/2019\/01\/hazaj1.jpg 1600w\" sizes=\"(max-width: 730px) 100vw, 730px\" alt=\"\" loading=\"lazy\" \t\tclass=\"so-widget-image\"\/>\n\t<\/div>\n\n<\/div><\/div><\/div><\/div><div id=\"pg-2344-5\"  class=\"panel-grid panel-no-style\" ><div id=\"pgc-2344-5-0\"  class=\"panel-grid-cell\" ><div id=\"panel-2344-5-0-0\" class=\"so-panel widget widget_sow-editor panel-first-child panel-last-child\" data-index=\"6\" ><div\n\t\t\t\n\t\t\tclass=\"so-widget-sow-editor so-widget-sow-editor-base\"\n\t\t\t\n\t\t>\n<div class=\"siteorigin-widget-tinymce textwidget\">\n\t<h3 style=\"text-align: center;\"><span style=\"color: #00ccff;\"><em>\u00c9lectro Choc<\/em><\/span><\/h3>\n<\/div>\n<\/div><\/div><\/div><\/div><div id=\"pg-2344-6\"  class=\"panel-grid panel-no-style\" ><div id=\"pgc-2344-6-0\"  class=\"panel-grid-cell\" ><div id=\"panel-2344-6-0-0\" class=\"so-panel widget widget_sow-editor panel-first-child panel-last-child\" data-index=\"7\" ><div\n\t\t\t\n\t\t\tclass=\"so-widget-sow-editor so-widget-sow-editor-base\"\n\t\t\t\n\t\t>\n<div class=\"siteorigin-widget-tinymce textwidget\">\n\t<h5 style=\"text-align: center;\"><span style=\"color: #000000;\"><em>Brain Dance<\/em> (Cr\u00e9ation)<\/span><br \/>\n<span style=\"color: #000000;\">21 Mars 2019<\/span><\/h5>\n<p style=\"text-align: center;\"><span style=\"color: #000000;\">Ouverture des Portes \u00e0 19h45<\/span><\/p>\n<p><span style=\"color: #000000;\">Avec Serge Adam (tp, laptop) et Djengo Hartlap (laptop)<\/span><\/p>\n<p style=\"text-align: justify;\"><span style=\"color: #000000;\">Laboratoire de poche convoquant grooves et mat\u00e9riaux sonores, bas\u00e9 sur des interfaces interactives et sur le geste musical en tant que source de cr\u00e9ation musicale. Ces impro-visiteurs nous proposent de partager une histoire abstraite et de cr\u00e9er notre propre sc\u00e9nario cin\u00e9matographique.<\/span><\/p>\n<p>&nbsp;<\/p>\n<p>&nbsp;<\/p>\n<p><iframe loading=\"lazy\" src=\"https:\/\/www.youtube.com\/embed\/ePUGTqDhJ7U\" width=\"560\" height=\"315\" frameborder=\"0\" allowfullscreen=\"allowfullscreen\"><\/iframe><\/p>\n<\/div>\n<\/div><\/div><\/div><div id=\"pgc-2344-6-1\"  class=\"panel-grid-cell\" ><div id=\"panel-2344-6-1-0\" class=\"so-panel widget widget_sow-editor panel-first-child panel-last-child\" data-index=\"8\" ><div\n\t\t\t\n\t\t\tclass=\"so-widget-sow-editor so-widget-sow-editor-base\"\n\t\t\t\n\t\t>\n<div class=\"siteorigin-widget-tinymce textwidget\">\n\t<h5 style=\"text-align: center;\"><span style=\"color: #000000;\">L\u20191consolable (Cr\u00e9ation)<\/span><br \/>\n<span style=\"color: #000000;\">22 mars 2019<\/span><\/h5>\n<p style=\"text-align: center;\"><span style=\"color: #000000;\">Ouverture des Portes \u00e0 19h45<\/span><\/p>\n<p style=\"text-align: left;\"><span style=\"color: #000000;\">Avec Serge Adam (tp\/laptop) et L\u20191consolable (voix\/laptop)<\/span><\/p>\n<p style=\"text-align: justify;\"><span style=\"color: #000000;\">Auteur, compositeur et interpr\u00e8te de ses morceaux, L\u20191consolable rappe, sur de bons vieux breakbeats hip-hop teint\u00e9s de jazz, de folk et de musiques du monde, la violence d\u2019une soci\u00e9t\u00e9 qui la pratique au quotidien tout en la pr\u00eatant \u00e0 ceux qui se retournent contre elle. Ici, pour un concert-rencontre au croisement des pratiques et de l\u2019improvisation.<br \/>\n<\/span><span style=\"color: #ff0000;\"><a style=\"color: #ff0000;\" href=\"https:\/\/l1consolable.bandcamp.com\/music\">https:\/\/l1consolable.bandcamp.com\/music<\/a><\/span><\/p>\n<p><iframe loading=\"lazy\" src=\"https:\/\/www.youtube.com\/embed\/MfWP5k8gzoo\" width=\"560\" height=\"315\" frameborder=\"0\" allowfullscreen=\"allowfullscreen\"><\/iframe><\/p>\n<\/div>\n<\/div><\/div><\/div><div id=\"pgc-2344-6-2\"  class=\"panel-grid-cell\" ><div id=\"panel-2344-6-2-0\" class=\"so-panel widget widget_sow-editor panel-first-child panel-last-child\" data-index=\"9\" ><div\n\t\t\t\n\t\t\tclass=\"so-widget-sow-editor so-widget-sow-editor-base\"\n\t\t\t\n\t\t>\n<div class=\"siteorigin-widget-tinymce textwidget\">\n\t<h5 style=\"text-align: center;\"><span style=\"color: #000000;\"><em>\u00c9lectroLux<\/em><\/span><br \/>\n<span style=\"color: #000000;\">23 mars 2019<\/span><\/h5>\n<p style=\"text-align: center;\"><span style=\"color: #000000;\">Ouverture des Portes \u00e0 19h45<\/span><\/p>\n<p><span style=\"color: #000000;\">Avec Serge Adam (tp, laptop) et Olivier Sens (laptop)<\/span><\/p>\n<p style=\"text-align: justify;\"><span style=\"color: #000000;\">Inventeur des logiciels Usine et HollyHock et g\u00e9n\u00e9rateur de bien d\u2019autres aventures musicales, Olivier Sens \u00e9tait en r\u00e9sidence \u00e0 Canal 93. Ici en duo \u00e9lectro avec Serge Adam (trompette, laptop) pour un concert d\u00e9brid\u00e9 faisant intervenir les machines pour un traitement en temps r\u00e9el.<\/span><\/p>\n<p>&nbsp;<\/p>\n<p>&nbsp;<\/p>\n<p><iframe loading=\"lazy\" src=\"https:\/\/www.youtube.com\/embed\/VFYqTDaebbQ\" width=\"560\" height=\"315\" frameborder=\"0\" allowfullscreen=\"allowfullscreen\"><\/iframe><\/p>\n<\/div>\n<\/div><\/div><\/div><\/div><div id=\"pg-2344-7\"  class=\"panel-grid panel-no-style\" ><div id=\"pgc-2344-7-0\"  class=\"panel-grid-cell\" ><div id=\"panel-2344-7-0-0\" class=\"so-panel widget widget_sow-editor panel-first-child panel-last-child\" data-index=\"10\" ><div\n\t\t\t\n\t\t\tclass=\"so-widget-sow-editor so-widget-sow-editor-base\"\n\t\t\t\n\t\t>\n<div class=\"siteorigin-widget-tinymce textwidget\">\n\t<h3 style=\"text-align: center;\"><em><span style=\"color: #00ccff;\">Po\u00e9sie Sonore<\/span><br \/>\n<\/em><\/h3>\n<\/div>\n<\/div><\/div><\/div><\/div><div id=\"pg-2344-8\"  class=\"panel-grid panel-no-style\" ><div id=\"pgc-2344-8-0\"  class=\"panel-grid-cell\" ><div id=\"panel-2344-8-0-0\" class=\"so-panel widget widget_sow-editor panel-first-child panel-last-child\" data-index=\"11\" ><div\n\t\t\t\n\t\t\tclass=\"so-widget-sow-editor so-widget-sow-editor-base\"\n\t\t\t\n\t\t>\n<div class=\"siteorigin-widget-tinymce textwidget\">\n\t<h5 style=\"text-align: center;\"><em><span style=\"color: #000000;\">Synomilia<\/span><\/em><br \/>\n<span style=\"color: #000000;\">28 et 29 Mars 2019<\/span><\/h5>\n<p style=\"text-align: center;\"><span style=\"color: #000000;\">Ouverture des portes \u00e0 19h45<\/span><\/p>\n<p style=\"text-align: justify;\"><span style=\"color: #000000;\">Avec Serge Adam (tp, laptop) et Yula Michail (voix)<\/span><\/p>\n<p style=\"text-align: justify;\"><span style=\"color: #000000;\">Apr\u00e8s le projet <em>Synomilia<\/em> sur des po\u00e8mes de Jack K\u00e9rouac et Allen Grinsberg , Yula Michail chanteuse et vivant en Gr\u00e8ce, propose aujourd\u2019hui une cr\u00e9ation autour des \u0153uvres de Nikos Engonopoulos peintre et po\u00e8te surr\u00e9aliste grec (1907-1955) qui v\u00e9cut quelques ann\u00e9es \u00e0 Paris et qui a \u00e9crit des po\u00e8mes en grec et en fran\u00e7ais notamment <em>Le retour des oiseaux<\/em>,\u00a0 <em>Hymne c\u00e9l\u00e9brant les femmes que nous aimons<\/em> , <em>Bolivar<\/em> \u2026<\/span><br \/>\n<span style=\"color: #000000;\">Un parcours sonore mettant en jeu la voix et la trompette sampl\u00e9es en temps r\u00e9el, nourrissant des mati\u00e8res nouvelles comme un terreau propice au d\u00e9veloppement du jeu improvis\u00e9.<\/span><\/p>\n<p><span style=\"color: #ff0000;\"><a style=\"color: #ff0000;\" href=\"http:\/\/www.quoideneufdocteur.fr\/autresprojets\/synomilia\/synomilia.htm\">http:\/\/www.quoideneufdocteur.fr\/autresprojets\/synomilia\/synomilia.htm<\/a><\/span><a href=\"http:\/\/annexedutraindevie.com\/index.php\/festijazz\/synomilia-3\/#main\" rel=\"attachment wp-att-2420\"><img loading=\"lazy\" class=\"aligncenter  wp-image-2420\" src=\"http:\/\/annexedutraindevie.com\/wp-content\/uploads\/2019\/02\/synomilia-3.jpg\" alt=\"\" width=\"578\" height=\"361\" srcset=\"https:\/\/annexeromainville.com\/wp-content\/uploads\/2019\/02\/synomilia-3.jpg 1496w, https:\/\/annexeromainville.com\/wp-content\/uploads\/2019\/02\/synomilia-3-300x188.jpg 300w, https:\/\/annexeromainville.com\/wp-content\/uploads\/2019\/02\/synomilia-3-768x480.jpg 768w, https:\/\/annexeromainville.com\/wp-content\/uploads\/2019\/02\/synomilia-3-1024x640.jpg 1024w\" sizes=\"(max-width: 578px) 100vw, 578px\" \/><\/a><\/p>\n<\/div>\n<\/div><\/div><\/div><div id=\"pgc-2344-8-1\"  class=\"panel-grid-cell\" ><div id=\"panel-2344-8-1-0\" class=\"so-panel widget widget_sow-editor panel-first-child panel-last-child\" data-index=\"12\" ><div\n\t\t\t\n\t\t\tclass=\"so-widget-sow-editor so-widget-sow-editor-base\"\n\t\t\t\n\t\t>\n<div class=\"siteorigin-widget-tinymce textwidget\">\n\t<h5 style=\"text-align: center;\"><em><span style=\"color: #000000;\">Journal d\u2019une apparition<\/span><\/em><br \/>\n<span style=\"color: #000000;\">30 Mars 2019<\/span><\/h5>\n<p style=\"text-align: center;\"><span style=\"color: #000000;\">Ouverture des Portes \u00e0 19h45<\/span><\/p>\n<p><span style=\"color: #000000;\">Avec Serge Adam (tp, laptop), Christelle S\u00e9ry (guitares), Tania Pividori (voix)<\/span><\/p>\n<p><span style=\"color: #000000;\">Textes extraits de Corps et biens de Robert Desnos. Projet cr\u00e9\u00e9 \u00e0 la m\u00e9diath\u00e8que Romain Rolland \u00e0 Romainville en d\u00e9cembre 2015<\/span><br \/>\n<span style=\"color: #000000;\">\u00ab ... l\u2019\u00e9lectronique ou l\u2019\u00e9lectricit\u00e9 viennent assumer l\u2019intemporalit\u00e9 de la po\u00e9sie de Desnos. Pistons, cordes et effets vocaux donnent aux po\u00e8mes des allures animales de dessin anim\u00e9 dont l\u2019espi\u00e8glerie ne cache jamais la gravit\u00e9. \u00bb Jean-Jacques Birg\u00e9 \u2013 M\u00e9diapart<\/span><\/p>\n<p><span style=\"color: #ff0000;\"><a style=\"color: #ff0000;\" href=\"http:\/\/www.quoideneufdocteur.fr\/compagnie\/journalduneapparition.html\">http:\/\/www.quoideneufdocteur.fr\/compagnie\/journalduneapparition.html<\/a><\/span><\/p>\n<p>&nbsp;<\/p>\n<p><iframe loading=\"lazy\" src=\"https:\/\/www.youtube.com\/embed\/tk39fcEGlKM\" width=\"560\" height=\"315\" frameborder=\"0\" allowfullscreen=\"allowfullscreen\"><\/iframe><\/p>\n<\/div>\n<\/div><\/div><\/div><\/div><\/div>","protected":false},"excerpt":{"rendered":"<p>Festi&#8217;Jazz \/ Musique Exp\u00e9rimentale Soir\u00e9es Con\u00e7ues par Serge Adam Du 14 au 30 Mars 2019 Les Jeudis, Vendredis et Samedis \u00e0 20h Ouverture des Portes \u00e0 19h45 Dans le cadre<span class=\"read-more-wrap\"><a class=\"moretag\" href=\"https:\/\/annexeromainville.com\/index.php\/festijazz\/\">Lire la suite<span class=\"screen-reader-text\">Festi&#8217;Jazz \/ Musique Exp\u00e9rimentale<\/span><\/a><\/span><\/p>\n","protected":false},"author":2,"featured_media":0,"parent":0,"menu_order":0,"comment_status":"closed","ping_status":"closed","template":"","meta":{"_bbp_topic_count":0,"_bbp_reply_count":0,"_bbp_total_topic_count":0,"_bbp_total_reply_count":0,"_bbp_voice_count":0,"_bbp_anonymous_reply_count":0,"_bbp_topic_count_hidden":0,"_bbp_reply_count_hidden":0,"_bbp_forum_subforum_count":0,"ngg_post_thumbnail":0},"_links":{"self":[{"href":"https:\/\/annexeromainville.com\/index.php\/wp-json\/wp\/v2\/pages\/2344"}],"collection":[{"href":"https:\/\/annexeromainville.com\/index.php\/wp-json\/wp\/v2\/pages"}],"about":[{"href":"https:\/\/annexeromainville.com\/index.php\/wp-json\/wp\/v2\/types\/page"}],"author":[{"embeddable":true,"href":"https:\/\/annexeromainville.com\/index.php\/wp-json\/wp\/v2\/users\/2"}],"replies":[{"embeddable":true,"href":"https:\/\/annexeromainville.com\/index.php\/wp-json\/wp\/v2\/comments?post=2344"}],"version-history":[{"count":64,"href":"https:\/\/annexeromainville.com\/index.php\/wp-json\/wp\/v2\/pages\/2344\/revisions"}],"predecessor-version":[{"id":2422,"href":"https:\/\/annexeromainville.com\/index.php\/wp-json\/wp\/v2\/pages\/2344\/revisions\/2422"}],"wp:attachment":[{"href":"https:\/\/annexeromainville.com\/index.php\/wp-json\/wp\/v2\/media?parent=2344"}],"curies":[{"name":"wp","href":"https:\/\/api.w.org\/{rel}","templated":true}]}}