{"id":29,"date":"2016-08-19T10:01:08","date_gmt":"2016-08-19T09:01:08","guid":{"rendered":"http:\/\/annexedutraindevie.com\/?page_id=29"},"modified":"2025-10-06T14:34:51","modified_gmt":"2025-10-06T13:34:51","slug":"theatre-adulte","status":"publish","type":"page","link":"https:\/\/annexeromainville.com\/index.php\/theatre-adulte\/","title":{"rendered":"(+17 ans) TH\u00c9\u00c2TRE ADULTE"},"content":{"rendered":"<div id=\"pl-29\"  class=\"panel-layout\" ><div id=\"pg-29-0\"  class=\"panel-grid panel-no-style\" ><div id=\"pgc-29-0-0\"  class=\"panel-grid-cell\" ><div id=\"panel-29-0-0-0\" class=\"so-panel widget widget_sow-image panel-first-child\" data-index=\"0\" ><div\n\t\t\t\n\t\t\tclass=\"so-widget-sow-image so-widget-sow-image-default-8b5b6f678277-29\"\n\t\t\t\n\t\t>\n<div class=\"sow-image-container\">\n\t\t\t<a href=\"https:\/\/www.helloasso.com\/associations\/jetzt\/evenements\/atelier-theatre-adulte-saison-24-25\"\n\t\t\t\t\t>\n\t\t\t<img \n\tsrc=\"https:\/\/annexeromainville.com\/wp-content\/uploads\/2023\/12\/7-1.png\" width=\"1080\" height=\"1080\" srcset=\"https:\/\/annexeromainville.com\/wp-content\/uploads\/2023\/12\/7-1.png 1080w, https:\/\/annexeromainville.com\/wp-content\/uploads\/2023\/12\/7-1-300x300.png 300w, https:\/\/annexeromainville.com\/wp-content\/uploads\/2023\/12\/7-1-1024x1024.png 1024w, https:\/\/annexeromainville.com\/wp-content\/uploads\/2023\/12\/7-1-150x150.png 150w, https:\/\/annexeromainville.com\/wp-content\/uploads\/2023\/12\/7-1-768x768.png 768w\" sizes=\"(max-width: 1080px) 100vw, 1080px\" title=\"atelier th\u00e9\u00e2tre adulte\" alt=\"\" loading=\"lazy\" \t\tclass=\"so-widget-image\"\/>\n\t\t\t<\/a><\/div>\n\n<\/div><\/div><div id=\"panel-29-0-0-1\" class=\"so-panel widget widget_sow-image panel-last-child\" data-index=\"1\" ><div\n\t\t\t\n\t\t\tclass=\"so-widget-sow-image so-widget-sow-image-default-8b5b6f678277-29\"\n\t\t\t\n\t\t>\n<div class=\"sow-image-container\">\n\t\t\t<a href=\"https:\/\/www.helloasso.com\/associations\/jetzt\/evenements\/atelier-theatre-adulte-saison-25-26\"\n\t\t\ttarget=\"_blank\" rel=\"noopener noreferrer\" \t\t>\n\t\t\t<img \n\tsrc=\"https:\/\/annexeromainville.com\/wp-content\/uploads\/2022\/08\/inscriptions.jpg\" width=\"1920\" height=\"250\" srcset=\"https:\/\/annexeromainville.com\/wp-content\/uploads\/2022\/08\/inscriptions.jpg 1920w, https:\/\/annexeromainville.com\/wp-content\/uploads\/2022\/08\/inscriptions-300x39.jpg 300w, https:\/\/annexeromainville.com\/wp-content\/uploads\/2022\/08\/inscriptions-1024x133.jpg 1024w, https:\/\/annexeromainville.com\/wp-content\/uploads\/2022\/08\/inscriptions-768x100.jpg 768w, https:\/\/annexeromainville.com\/wp-content\/uploads\/2022\/08\/inscriptions-1536x200.jpg 1536w\" sizes=\"(max-width: 1920px) 100vw, 1920px\" title=\"bouton inscriptions\" alt=\"\" loading=\"lazy\" \t\tclass=\"so-widget-image\"\/>\n\t\t\t<\/a><\/div>\n\n<\/div><\/div><\/div><div id=\"pgc-29-0-1\"  class=\"panel-grid-cell\" ><div id=\"panel-29-0-1-0\" class=\"so-panel widget widget_sow-editor panel-first-child panel-last-child\" data-index=\"2\" ><div\n\t\t\t\n\t\t\tclass=\"so-widget-sow-editor so-widget-sow-editor-base\"\n\t\t\t\n\t\t>\n<div class=\"siteorigin-widget-tinymce textwidget\">\n\t<p style=\"text-align: center;\"><strong><span style=\"color: #800000;\"><span class=\"JsGRdQ\">Ouvert aux adultes \u00e0 partir de 17 ans<\/span><\/span><\/strong><\/p>\n<p style=\"text-align: center;\"><span class=\"JsGRdQ\" style=\"color: #000000;\"><strong>Dates et Horaires :<\/strong> Les Lundi <\/span><span class=\"JsGRdQ\" style=\"color: #000000;\">de 20h \u00e0 22h<br \/>\n<\/span><\/p>\n<p style=\"text-align: center;\"><span style=\"color: #000000;\">\u00c0 l'Annexe<\/span><br \/>\n<span style=\"color: #000000;\">45 avenue de Verdun, 93230 Romainville<\/span><\/p>\n<p style=\"text-align: center;\"><span class=\"JsGRdQ\" style=\"color: #000000;\">du 15 septembre au 1er juillet<\/span><br \/>\n<span class=\"JsGRdQ\" style=\"color: #000000;\">(hors vacances scolaires et jours f\u00e9ri\u00e9s)<\/span><\/p>\n<p style=\"text-align: center;\"><span style=\"color: #000000;\"><strong>TARIF<\/strong> : 450\u20ac \u00e0 l'ann\u00e9e \/ 45\u20ac par mois<\/span><br \/>\n<span style=\"color: #000000;\">Possibilit\u00e9 de paiement mensuel<\/span><\/p>\n<h3>Possibilit\u00e9 de Paiement :<\/h3>\n<ul>\n<li><strong>En ch\u00e8que<\/strong> :&nbsp; \u00c0 l'ann\u00e9e, au trimestre ou au mois. Si par mois, nous prendrons la totalit\u00e9 des ch\u00e8ques (donc 10) et nous les encaisserons chaque mois.<\/li>\n<li><strong>En ligne :<\/strong> Paiement pour toute l'ann\u00e9e.<\/li>\n<\/ul>\n<\/div>\n<\/div><\/div><\/div><\/div><div id=\"pg-29-1\"  class=\"panel-grid panel-no-style\" ><div id=\"pgc-29-1-0\"  class=\"panel-grid-cell\" ><div id=\"panel-29-1-0-0\" class=\"so-panel widget widget_sow-editor panel-first-child\" data-index=\"3\" ><div\n\t\t\t\n\t\t\tclass=\"so-widget-sow-editor so-widget-sow-editor-base\"\n\t\t\t\n\t\t>\n<div class=\"siteorigin-widget-tinymce textwidget\">\n\t<p class=\"_04xlpA direction-ltr align-justify para-style-body\"><span style=\"color: #000000;\"><span class=\"JsGRdQ\">L\u2019Atelier Th\u00e9\u00e2tre a pour but de permettre \u00e0 l\u2019\u00e9l\u00e8ve de devenir \u00ab acteur \u00bb de son apprentissage. <\/span><span class=\"JsGRdQ\">Il s\u2019inscrit dans une r\u00e9elle dynamique de recherches, de solutions th\u00e9\u00e2trales pratiques et th\u00e9oriques.<\/span><\/span><\/p>\n<p class=\"_04xlpA direction-ltr align-justify para-style-body\"><span style=\"color: #000000;\"><span class=\"JsGRdQ\">L\u2019utilisation de la cr\u00e9ation comme une m\u00e9thode d\u2019apprentissage, permet de<\/span><span class=\"JsGRdQ\"> manipuler le th\u00e9\u00e2tre pour le comprendre.<\/span><\/span><\/p>\n<p class=\"_04xlpA direction-ltr align-justify para-style-body\"><span style=\"color: #000000;\"><span class=\"JsGRdQ\">Cet atelier permettra \u00e0 l\u2019\u00e9l\u00e8ve de <\/span><span class=\"JsGRdQ\">rechercher des id\u00e9es, des possibilit\u00e9s de jeux\/costumes\/d\u00e9cors...<\/span><span class=\"JsGRdQ\"> Pendant l\u2019atelier, il pr\u00e9sentera son travail. En groupe, nous r\u00e9fl\u00e9chirons aux diff\u00e9rents autres chemins de cr\u00e9ation.<\/span><\/span><\/p>\n<\/div>\n<\/div><\/div><div id=\"panel-29-1-0-1\" class=\"so-panel widget widget_sow-editor panel-last-child\" data-index=\"4\" ><div\n\t\t\t\n\t\t\tclass=\"so-widget-sow-editor so-widget-sow-editor-base\"\n\t\t\t\n\t\t>\n<div class=\"siteorigin-widget-tinymce textwidget\">\n\t<p><em><strong>Le premier atelier est un essai obligatoire. A l'issue de cet atelier, l'inscription est d\u00e9finitive.<\/strong><\/em><\/p>\n<p>Si vous ne souhaitez pas maintenir votre inscription, merci d'en pr\u00e9venir l'\u00e9quipe de L'Annexe. Pour qu'une pr\u00e9-inscription soit prise en compte, le paiement par ch\u00e8que doit-\u00eatre remis en m\u00eame temps que la fiche d'inscription. Le Paiement ne sera encaiss\u00e9 qu'\u00e0 l'issue du cours d'essai.<\/p>\n<\/div>\n<\/div><\/div><\/div><\/div><\/div>","protected":false},"excerpt":{"rendered":"<p>Ouvert aux adultes \u00e0 partir de 17 ans Dates et Horaires : Les Lundi de 20h \u00e0 22h \u00c0 l&#8217;Annexe 45 avenue de Verdun, 93230 Romainville du 15 septembre au<span class=\"read-more-wrap\"><a class=\"moretag\" href=\"https:\/\/annexeromainville.com\/index.php\/theatre-adulte\/\">Lire la suite<span class=\"screen-reader-text\">(+17 ans) TH\u00c9\u00c2TRE ADULTE<\/span><\/a><\/span><\/p>\n","protected":false},"author":2,"featured_media":0,"parent":0,"menu_order":0,"comment_status":"closed","ping_status":"closed","template":"","meta":{"_bbp_topic_count":0,"_bbp_reply_count":0,"_bbp_total_topic_count":0,"_bbp_total_reply_count":0,"_bbp_voice_count":0,"_bbp_anonymous_reply_count":0,"_bbp_topic_count_hidden":0,"_bbp_reply_count_hidden":0,"_bbp_forum_subforum_count":0,"ngg_post_thumbnail":0},"_links":{"self":[{"href":"https:\/\/annexeromainville.com\/index.php\/wp-json\/wp\/v2\/pages\/29"}],"collection":[{"href":"https:\/\/annexeromainville.com\/index.php\/wp-json\/wp\/v2\/pages"}],"about":[{"href":"https:\/\/annexeromainville.com\/index.php\/wp-json\/wp\/v2\/types\/page"}],"author":[{"embeddable":true,"href":"https:\/\/annexeromainville.com\/index.php\/wp-json\/wp\/v2\/users\/2"}],"replies":[{"embeddable":true,"href":"https:\/\/annexeromainville.com\/index.php\/wp-json\/wp\/v2\/comments?post=29"}],"version-history":[{"count":122,"href":"https:\/\/annexeromainville.com\/index.php\/wp-json\/wp\/v2\/pages\/29\/revisions"}],"predecessor-version":[{"id":11151,"href":"https:\/\/annexeromainville.com\/index.php\/wp-json\/wp\/v2\/pages\/29\/revisions\/11151"}],"wp:attachment":[{"href":"https:\/\/annexeromainville.com\/index.php\/wp-json\/wp\/v2\/media?parent=29"}],"curies":[{"name":"wp","href":"https:\/\/api.w.org\/{rel}","templated":true}]}}