{"id":292,"date":"2016-10-12T14:12:00","date_gmt":"2016-10-12T13:12:00","guid":{"rendered":"http:\/\/annexedutraindevie.com\/?page_id=292"},"modified":"2020-06-09T15:49:43","modified_gmt":"2020-06-09T14:49:43","slug":"lectures-initiatiques","status":"publish","type":"page","link":"https:\/\/annexeromainville.com\/index.php\/lectures-initiatiques\/","title":{"rendered":"Ap\u00e9rotextes"},"content":{"rendered":"<div id=\"pl-292\"  class=\"panel-layout\" ><div id=\"pg-292-0\"  class=\"panel-grid panel-no-style\" ><div id=\"pgc-292-0-0\"  class=\"panel-grid-cell\" ><div id=\"panel-292-0-0-0\" class=\"so-panel widget widget_sow-editor panel-first-child panel-last-child\" data-index=\"0\" ><div\n\t\t\t\n\t\t\tclass=\"so-widget-sow-editor so-widget-sow-editor-base\"\n\t\t\t\n\t\t>\n<div class=\"siteorigin-widget-tinymce textwidget\">\n\t<h2><a href=\"http:\/\/annexedutraindevie.com\/wp-content\/uploads\/2018\/04\/spectacle-2.jpg\"><img loading=\"lazy\" class=\"aligncenter wp-image-1853 size-full\" src=\"http:\/\/annexedutraindevie.com\/wp-content\/uploads\/2018\/04\/spectacle-2.jpg\" alt=\"\" width=\"473\" height=\"78\" srcset=\"https:\/\/annexeromainville.com\/wp-content\/uploads\/2018\/04\/spectacle-2.jpg 473w, https:\/\/annexeromainville.com\/wp-content\/uploads\/2018\/04\/spectacle-2-300x49.jpg 300w\" sizes=\"(max-width: 473px) 100vw, 473px\" \/><\/a><\/h2>\n<p style=\"text-align: center;\"><span style=\"color: #000000;\">Textes en r\u00e9sonance&nbsp;avec l'actualit\u00e9, d'auteurs contemporains, mis en espace par des troupes d'acteurs, autour d'un verre.&nbsp;<\/span><\/p>\n<p><strong><span style=\"color: #000000;\"><span style=\"text-decoration: underline;\">Saison 2019\/2020<\/span> :<\/span><\/strong><br \/>\n<span style=\"color: #000000;\"><a href=\"http:\/\/annexeromainville.com\/index.php\/yalla-2019\/\"><em>Yalla<\/em><\/a>, par la Compagnie JETZT<\/span><\/p>\n<p><strong><span style=\"text-decoration: underline;\">Saison 2018\/2019<\/span> :<\/strong><br \/>\n<a href=\"http:\/\/annexeromainville.com\/index.php\/lalalangue\/\"><em>Lalalangue<\/em><\/a><span style=\"color: #000000;\">, de et par Fr\u00e9d\u00e9rique Voruz<\/span><\/p>\n<p><span style=\"text-decoration: underline;\"><span style=\"color: #000000; text-decoration: underline;\"><strong>Saison 2017\/2018 :<\/strong> <\/span><\/span><\/p>\n<p><span style=\"color: #000000;\"><a href=\"http:\/\/annexeromainville.com\/index.php\/yalla-2\/\"><span style=\"color: #ff0000;\"><em>Yalla !<\/em><\/span><\/a>, de Sonia Ristic par la Cie Jetzt<a href=\"http:\/\/annexeromainville.com\/index.php\/ctrlx\/\"><span style=\"color: #ff0000;\"><br \/>\n<em>CtrlX<\/em><\/span><\/a>, mis en voix par St\u00e9phanie Estournet, avec Juliette Coulon, Renaud Barse et Sally Mara<a href=\"http:\/\/annexeromainville.com\/index.php\/diptyque-sur-leurope-sweet-home-europa-goodbye-europa-lost-words\/\"><span style=\"color: #ff0000;\"><br \/>\n<em>Dyptique sur l'Europe<\/em><\/span><\/a> : Goodbye Europa, Part 1, Lost Words, Part 2, de David Carnevali, par le Collectif Mona<\/span><\/p>\n<p style=\"text-align: left;\"><span style=\"text-decoration: underline;\"><span style=\"color: #000000; text-decoration: underline;\"><strong>Saison 2016\/2017<\/strong> :<br \/>\n<\/span><\/span><\/p>\n<p style=\"text-align: left;\"><span style=\"color: #000000;\"><span style=\"color: #ff0000;\"><a href=\"http:\/\/annexeromainville.com\/index.php\/babar\/\"><em>B.A.B.A.R (Le Transparent noir)<\/em><\/a><\/span>, de Guillaume Cayet, Cie Le D\u00e9sordre des Choses, le mercredi 23 novembre 2017 \u00e0 19h<\/span><br \/>\n<span style=\"color: #000000;\"><span style=\"color: #ff0000;\"><a href=\"http:\/\/annexeromainville.com\/index.php\/gens-du-pays-cie-epaule-jete\/\"><em> Gens du Pays<\/em><\/a><\/span>, de Marc-Antoine Cyr, Cie Epaul\u00e9 Jet\u00e9, le jeudi 15 D\u00e9cembre 2017 \u00e0 19h30<\/span><br \/>\n<span style=\"color: #000000;\"><span style=\"color: #ff0000;\"><a href=\"http:\/\/annexeromainville.com\/index.php\/le-corps-en-obstacle\/\"><em> Le corps en obstacle<\/em><\/a><\/span>, de Ga\u00ebtan Peau, Mise en espace David Seigneur, le jeudi 23 mars 2017 \u00e0 20h<\/span><br \/>\n<span style=\"color: #000000;\"><span style=\"color: #ff0000;\"><a href=\"http:\/\/annexeromainville.com\/index.php\/yalla\/\"><em> Yalla!<\/em><\/a><\/span>, de Sonia Ristic, Cie Jetzt, le vendredi 5 et samedi 6 mai 2017 \u00e0 20h<\/span><\/p>\n<\/div>\n<\/div><\/div><\/div><\/div><\/div>","protected":false},"excerpt":{"rendered":"<p>Textes en r\u00e9sonance&nbsp;avec l&#8217;actualit\u00e9, d&#8217;auteurs contemporains, mis en espace par des troupes d&#8217;acteurs, autour d&#8217;un verre.&nbsp; Saison 2019\/2020 : Yalla, par la Compagnie JETZT Saison 2018\/2019 : Lalalangue, de et<span class=\"read-more-wrap\"><a class=\"moretag\" href=\"https:\/\/annexeromainville.com\/index.php\/lectures-initiatiques\/\">Lire la suite<span class=\"screen-reader-text\">Ap\u00e9rotextes<\/span><\/a><\/span><\/p>\n","protected":false},"author":2,"featured_media":0,"parent":0,"menu_order":0,"comment_status":"closed","ping_status":"closed","template":"","meta":{"_bbp_topic_count":0,"_bbp_reply_count":0,"_bbp_total_topic_count":0,"_bbp_total_reply_count":0,"_bbp_voice_count":0,"_bbp_anonymous_reply_count":0,"_bbp_topic_count_hidden":0,"_bbp_reply_count_hidden":0,"_bbp_forum_subforum_count":0,"ngg_post_thumbnail":0},"_links":{"self":[{"href":"https:\/\/annexeromainville.com\/index.php\/wp-json\/wp\/v2\/pages\/292"}],"collection":[{"href":"https:\/\/annexeromainville.com\/index.php\/wp-json\/wp\/v2\/pages"}],"about":[{"href":"https:\/\/annexeromainville.com\/index.php\/wp-json\/wp\/v2\/types\/page"}],"author":[{"embeddable":true,"href":"https:\/\/annexeromainville.com\/index.php\/wp-json\/wp\/v2\/users\/2"}],"replies":[{"embeddable":true,"href":"https:\/\/annexeromainville.com\/index.php\/wp-json\/wp\/v2\/comments?post=292"}],"version-history":[{"count":21,"href":"https:\/\/annexeromainville.com\/index.php\/wp-json\/wp\/v2\/pages\/292\/revisions"}],"predecessor-version":[{"id":3468,"href":"https:\/\/annexeromainville.com\/index.php\/wp-json\/wp\/v2\/pages\/292\/revisions\/3468"}],"wp:attachment":[{"href":"https:\/\/annexeromainville.com\/index.php\/wp-json\/wp\/v2\/media?parent=292"}],"curies":[{"name":"wp","href":"https:\/\/api.w.org\/{rel}","templated":true}]}}