{"id":3165,"date":"2020-01-09T15:42:18","date_gmt":"2020-01-09T14:42:18","guid":{"rendered":"http:\/\/annexeromainville.com\/?page_id=3165"},"modified":"2021-04-27T09:21:05","modified_gmt":"2021-04-27T08:21:05","slug":"je-suis-invisible","status":"publish","type":"page","link":"https:\/\/annexeromainville.com\/index.php\/je-suis-invisible\/","title":{"rendered":"JE SUIS INVISIBLE"},"content":{"rendered":"<div id=\"pl-3165\"  class=\"panel-layout\" ><div id=\"pg-3165-0\"  class=\"panel-grid panel-no-style\" ><div id=\"pgc-3165-0-0\"  class=\"panel-grid-cell\" ><div id=\"panel-3165-0-0-0\" class=\"so-panel widget widget_sow-image panel-first-child panel-last-child\" data-index=\"0\" ><div\n\t\t\t\n\t\t\tclass=\"so-widget-sow-image so-widget-sow-image-default-c67d20f9f743-3165\"\n\t\t\t\n\t\t>\n<div class=\"sow-image-container\">\n\t\t<img \n\tsrc=\"https:\/\/annexeromainville.com\/wp-content\/uploads\/2018\/09\/Les-\u00e9mois.png\" width=\"229\" height=\"55\" sizes=\"(max-width: 229px) 100vw, 229px\" title=\"Les \u00e9mois\" alt=\"\" loading=\"lazy\" \t\tclass=\"so-widget-image\"\/>\n\t<\/div>\n\n<\/div><\/div><\/div><\/div><div id=\"pg-3165-1\"  class=\"panel-grid panel-no-style\" ><div id=\"pgc-3165-1-0\"  class=\"panel-grid-cell\" ><div id=\"panel-3165-1-0-0\" class=\"so-panel widget widget_sow-image panel-first-child panel-last-child\" data-index=\"1\" ><div\n\t\t\t\n\t\t\tclass=\"so-widget-sow-image so-widget-sow-image-default-8b5b6f678277-3165\"\n\t\t\t\n\t\t>\n<div class=\"sow-image-container\">\n\t\t<img \n\tsrc=\"https:\/\/annexeromainville.com\/wp-content\/uploads\/2020\/01\/Annotation-2019-07-26-124536.png\" width=\"533\" height=\"629\" srcset=\"https:\/\/annexeromainville.com\/wp-content\/uploads\/2020\/01\/Annotation-2019-07-26-124536.png 533w, https:\/\/annexeromainville.com\/wp-content\/uploads\/2020\/01\/Annotation-2019-07-26-124536-254x300.png 254w\" sizes=\"(max-width: 533px) 100vw, 533px\" title=\"Annotation 2019-07-26 124536\" alt=\"\" loading=\"lazy\" \t\tclass=\"so-widget-image\"\/>\n\t<\/div>\n\n<\/div><\/div><\/div><div id=\"pgc-3165-1-1\"  class=\"panel-grid-cell\" ><div id=\"panel-3165-1-1-0\" class=\"so-panel widget widget_sow-editor panel-first-child panel-last-child\" data-index=\"2\" ><div\n\t\t\t\n\t\t\tclass=\"so-widget-sow-editor so-widget-sow-editor-base\"\n\t\t\t\n\t\t>\n<div class=\"siteorigin-widget-tinymce textwidget\">\n\t<p style=\"text-align: justify;\"><span style=\"color: #000000;\"><strong>Du 27 au 29 F\u00e9vrier, \u00e0 20h<\/strong><\/span><br \/>\n<span style=\"color: #000000;\">Ouverture des portes \u00e0 19h45<\/span><\/p>\n<p style=\"text-align: justify;\"><span style=\"color: #000000;\"><strong>La Fabrique Abrupte<\/strong><br \/>\nDe et par Jules Poulain-Plissonneau<\/span><\/p>\n<p style=\"text-align: justify;\"><span style=\"color: #000000;\">DUR\u00c9E : 1H<\/span><br \/>\n<span style=\"color: #000000;\">\u00c2GE : \u00e0 partir de 10 ans<\/span><\/p>\n<p style=\"text-align: justify;\"><span style=\"color: #000000;\">\u00abJe suis invisible\u00bb est une plong\u00e9e dans la qu\u00eate d'invisibilit\u00e9 d'un personnage. Ce com\u00e9dien\/chercheur nous invite \u00e0 d\u00e9couvrir avec lui l'essence de l'invisible \u00e0 travers diff\u00e9rentes exp\u00e9riences \u00e9prouv\u00e9es en direct sur sc\u00e8ne. Le silence, le vide, le cach\u00e9, sont autant d'espaces qui seront explor\u00e9s, travers\u00e9s, \u00e9prouv\u00e9s sur sc\u00e8ne et dans les imaginaires. Mais pas que. Car derri\u00e8re le personnage se cache l'auteur, qui se questionne sur le th\u00e9\u00e2tre, sur ses souvenirs et sur ce qui l'a pouss\u00e9 \u00e0 devenir acteur. Ce spectacle porte un regard l\u00e9ger sur la relation interne entre l'homme, l'auteur et le personnage tout en traitant avec po\u00e9sie et humour les questionnements m\u00e9taphysiques qu'entra\u00eene la recherche de l'invisibilit\u00e9.<\/span><\/p>\n<p>&nbsp;<\/p>\n<p style=\"text-align: justify;\">&nbsp;<\/p>\n<p style=\"text-align: justify;\">&nbsp;<\/p>\n<\/div>\n<\/div><\/div><\/div><\/div><div id=\"pg-3165-2\"  class=\"panel-grid panel-no-style\" ><div id=\"pgc-3165-2-0\"  class=\"panel-grid-cell\" ><div id=\"panel-3165-2-0-0\" class=\"so-panel widget widget_sow-editor panel-first-child panel-last-child\" data-index=\"3\" ><div\n\t\t\t\n\t\t\tclass=\"so-widget-sow-editor so-widget-sow-editor-base\"\n\t\t\t\n\t\t>\n<div class=\"siteorigin-widget-tinymce textwidget\">\n\t<p><img loading=\"lazy\" class=\"aligncenter  wp-image-3271\" src=\"http:\/\/annexeromainville.com\/wp-content\/uploads\/2020\/02\/logo-lbg-70mm-2019188660.png\" alt=\"\" width=\"176\" height=\"176\" srcset=\"https:\/\/annexeromainville.com\/wp-content\/uploads\/2020\/02\/logo-lbg-70mm-2019188660.png 805w, https:\/\/annexeromainville.com\/wp-content\/uploads\/2020\/02\/logo-lbg-70mm-2019188660-300x300.png 300w, https:\/\/annexeromainville.com\/wp-content\/uploads\/2020\/02\/logo-lbg-70mm-2019188660-150x150.png 150w, https:\/\/annexeromainville.com\/wp-content\/uploads\/2020\/02\/logo-lbg-70mm-2019188660-768x767.png 768w\" sizes=\"(max-width: 176px) 100vw, 176px\" \/><\/p>\n<p style=\"text-align: center;\"><span style=\"color: #000000;\">Ce spectacle a b\u00e9n\u00e9fici\u00e9 du programme \"Artistes en arctique\" organis\u00e9 par l'association \"Le Bateau Givre\".<\/span><\/p>\n<\/div>\n<\/div><\/div><\/div><div id=\"pgc-3165-2-1\"  class=\"panel-grid-cell\" ><div id=\"panel-3165-2-1-0\" class=\"so-panel widget widget_sow-button panel-first-child panel-last-child\" data-index=\"4\" ><div\n\t\t\t\n\t\t\tclass=\"so-widget-sow-button so-widget-sow-button-atom-857739567c6a-3165\"\n\t\t\t\n\t\t><div class=\"ow-button-base ow-button-align-center\"\n>\n\t\t\t<a\n\t\t\t\t\thref=\"http:\/\/annexedutraindevie.com\/index.php\/reservation\/\"\n\t\t\t\t\tclass=\"sowb-button ow-icon-placement-left ow-button-hover\" \t>\n\t\t<span>\n\t\t\t<span class=\"sow-icon-ionicons\" data-sow-icon=\"&#xf373;\"\n\t\tstyle=\"color: #dd9933\" \n\t\taria-hidden=\"true\"><\/span>\n\t\t\tR\u00e9server\t\t<\/span>\n\t\t\t<\/a>\n\t<\/div>\n<\/div><\/div><\/div><\/div><div id=\"pg-3165-3\"  class=\"panel-grid panel-no-style\" ><div id=\"pgc-3165-3-0\"  class=\"panel-grid-cell\" ><div id=\"panel-3165-3-0-0\" class=\"so-panel widget widget_sow-editor panel-first-child panel-last-child\" data-index=\"5\" ><div\n\t\t\t\n\t\t\tclass=\"so-widget-sow-editor so-widget-sow-editor-base\"\n\t\t\t\n\t\t><h3 class=\"widget-title\">JULES POULAIN-PLISSONNEAU<\/h3>\n<div class=\"siteorigin-widget-tinymce textwidget\">\n\t<p style=\"text-align: justify;\"><span style=\"color: #000000;\">En 2011 j'int\u00e8gre la Sc\u00e8ne sur Sa\u00f4ne \u00e0 Lyon dans laquelle je me forme au th\u00e9\u00e2tre classique et contemporain ainsi qu'au clown et au th\u00e9\u00e2tre burlesque au cours de mon ann\u00e9e de Fraco (Formation R\u00e9serv\u00e9e \u00e0 l'Acteur Comique et au Clown). Tout juste sorti de l'\u00e9cole, je cr\u00e9\u00e9 la compagnie La Fabrique Abrupte accompagn\u00e9 de treize de mes camarades de classe avec lesquels je tourne diff\u00e9rent spectacles comme <em>L'Interview de Johnny Welsh<\/em> ou <em>Reserve et D\u00e9pendance<\/em>. Nous cr\u00e9ons \u00e9galement le Festival du Marquis en Savoie, nous permettant de proposer des cr\u00e9ations annuelles et de programmer des spectacles refl\u00e9tant notre vision du th\u00e9\u00e2tre et du spectacle vivant.<br \/>\nEn parall\u00e8le, je me forme au th\u00e9\u00e2tre physique aupr\u00e8s de Lionel M\u00e9nard, Anke Gerber, Tony de Maeyer et Oliver Pollak, je m'aguerris au mime corporel dramatique avec Oliver Pollak pendant deux mois et travaille comme assistant metteur en sc\u00e8ne avec la Compagnie Mangano-Massip sur le spectacle <em>R\u00e9manence, au Fil du Mythe...<\/em>. . Je continue ensuite \u00e0 me former aupr\u00e8s de diff\u00e9rentes compagnies : en novembre 2017, j'effectue un stage avec Yves Hunstadt et Eve Bonfanti de la Fabrique Imaginaire, en mai 2018 avec Nancy Rusek et Eric de Sarria de la Compagnie Philippe Genty, et en ao\u00fbt 2018 je participe au Stage International de Commedia dell'Arte donn\u00e9 par Antonio Fava \u00e0 Reggio Emilia, Italie.<br \/>\nEn 2019 j'int\u00e8gre la compagnie de th\u00e9\u00e2tre de rue Les Arts Oseurs \u00e0 l'occasion d'une reprise de r\u00f4le dans le spectacle <em>Les Tondues<\/em>, tournant \u00e0 travers la France et je retrouve la compagnie Mangano-Massip en tant que com\u00e9dien sur leur nouvelle cr\u00e9ation <em>Alice in the Wonderbox<\/em>.<\/span><\/p>\n<p style=\"text-align: justify;\"><span style=\"color: #000000;\">&nbsp;<\/span><\/p>\n<p style=\"text-align: justify;\"><span style=\"color: #000000;\">&nbsp;<\/span><\/p>\n<\/div>\n<\/div><\/div><\/div><div id=\"pgc-3165-3-1\"  class=\"panel-grid-cell\" ><div id=\"panel-3165-3-1-0\" class=\"so-panel widget widget_sow-image panel-first-child panel-last-child\" data-index=\"6\" ><div\n\t\t\t\n\t\t\tclass=\"so-widget-sow-image so-widget-sow-image-default-8b5b6f678277-3165\"\n\t\t\t\n\t\t>\n<div class=\"sow-image-container\">\n\t\t<img \n\tsrc=\"https:\/\/annexeromainville.com\/wp-content\/uploads\/2020\/01\/Copyrjohnollier.jpg\" width=\"1062\" height=\"1062\" srcset=\"https:\/\/annexeromainville.com\/wp-content\/uploads\/2020\/01\/Copyrjohnollier.jpg 1062w, https:\/\/annexeromainville.com\/wp-content\/uploads\/2020\/01\/Copyrjohnollier-300x300.jpg 300w, https:\/\/annexeromainville.com\/wp-content\/uploads\/2020\/01\/Copyrjohnollier-1024x1024.jpg 1024w, https:\/\/annexeromainville.com\/wp-content\/uploads\/2020\/01\/Copyrjohnollier-150x150.jpg 150w, https:\/\/annexeromainville.com\/wp-content\/uploads\/2020\/01\/Copyrjohnollier-768x768.jpg 768w\" sizes=\"(max-width: 1062px) 100vw, 1062px\" alt=\"\" loading=\"lazy\" \t\tclass=\"so-widget-image\"\/>\n\t<\/div>\n\n<\/div><\/div><\/div><div id=\"pgc-3165-3-2\"  class=\"panel-grid-cell\" ><div id=\"panel-3165-3-2-0\" class=\"so-panel widget widget_sow-editor panel-first-child panel-last-child\" data-index=\"7\" ><div\n\t\t\t\n\t\t\tclass=\"so-widget-sow-editor so-widget-sow-editor-base\"\n\t\t\t\n\t\t><h3 class=\"widget-title\">LA FABRIQUE ABRUPTE<\/h3>\n<div class=\"siteorigin-widget-tinymce textwidget\">\n\t<p style=\"text-align: justify;\"><span style=\"color: #000000;\">La Fabrique Abrupte, compagnie fond\u00e9e en Mars 2015, cr\u00e9e, produit et diffuse des spectacles de th\u00e9\u00e2tre. A ce jour, la compagnie propose une dizaine de spectacles aux registres allant du th\u00e9\u00e2tre contemporain au th\u00e9\u00e2tre clownesque. Ces spectacles sont programm\u00e9s dans les r\u00e9seaux de th\u00e9\u00e2tre en Rh\u00f4ne-Alpes, mais \u00e9galement dans les d\u00e9partements environnants (Loire, Sa\u00f4ne et Loire, Dr\u00f4me et Savoie).<\/span><br \/>\n<span style=\"color: #000000;\">Parall\u00e8lement aux activit\u00e9s de mise en sc\u00e8ne et de jeu, les membres de la compagnie s'investissent dans d'autres sph\u00e8res. Certains d'entre eux animent des ateliers th\u00e9\u00e2tre en MJC, d'autres sont \u00e0 l'initiative de web s\u00e9ries, d'autres encore sont intervenants dans l'\u00c9cole qui les a form\u00e9s, la Sc\u00e8ne-sur-Sa\u00f4ne. La compagnie est extr\u00eamement sensible \u00e0 ces diff\u00e9rents engagements li\u00e9s \u00e0 la transmission des connaissances et \u00e0 la formation sur le territoire dans lequel ils s'inscrivent.<\/span><br \/>\n<span style=\"color: #000000;\">Depuis peu, la Fabrique Abrupte est propri\u00e9taire d'un chapiteau, ce qui donne \u00e0 la compagnie les moyens de diffuser ses cr\u00e9ations en autonomie. La compagnie r\u00eave de se produire l\u00e0 o\u00f9 on ne s'attend pas \u00e0 voir du th\u00e9\u00e2tre, l\u00e0 o\u00f9 l\u2019on n\u2019a pas forc\u00e9ment acc\u00e8s \u00e0 du th\u00e9\u00e2tre... l\u00e0 o\u00f9 elle peut monter son chapiteau et y accueillir un public curieux.<\/span><br \/>\n<span style=\"color: #000000;\">L'un des temps fort de la compagnie est le Festival du Marquis. Ce Festival, qui a lieu en Savoie depuis 2015, r\u00e9unit chaque ann\u00e9e les com\u00e9diens. C'est aussi l'occasion d'affirmer leur souhait d'\u00eatre acteur tant sur un plateau que sur un territoire. La Fabrique Abrupte tient profond\u00e9ment \u00e0 p\u00e9renniser son activit\u00e9 de th\u00e9\u00e2tre et de m\u00e9diation, parce qu'il n'y a pas de th\u00e9\u00e2tre sans spectateurs et pas de spectateurs sans un th\u00e9\u00e2tre pr\u00eat \u00e0 les rencontrer.<\/span><\/p>\n<\/div>\n<\/div><\/div><\/div><\/div><\/div>","protected":false},"excerpt":{"rendered":"<p>Du 27 au 29 F\u00e9vrier, \u00e0 20h Ouverture des portes \u00e0 19h45 La Fabrique Abrupte De et par Jules Poulain-Plissonneau DUR\u00c9E : 1H \u00c2GE : \u00e0 partir de 10 ans<span class=\"read-more-wrap\"><a class=\"moretag\" href=\"https:\/\/annexeromainville.com\/index.php\/je-suis-invisible\/\">Lire la suite<span class=\"screen-reader-text\">JE SUIS INVISIBLE<\/span><\/a><\/span><\/p>\n","protected":false},"author":2,"featured_media":0,"parent":0,"menu_order":0,"comment_status":"closed","ping_status":"closed","template":"","meta":{"_bbp_topic_count":0,"_bbp_reply_count":0,"_bbp_total_topic_count":0,"_bbp_total_reply_count":0,"_bbp_voice_count":0,"_bbp_anonymous_reply_count":0,"_bbp_topic_count_hidden":0,"_bbp_reply_count_hidden":0,"_bbp_forum_subforum_count":0,"ngg_post_thumbnail":0},"_links":{"self":[{"href":"https:\/\/annexeromainville.com\/index.php\/wp-json\/wp\/v2\/pages\/3165"}],"collection":[{"href":"https:\/\/annexeromainville.com\/index.php\/wp-json\/wp\/v2\/pages"}],"about":[{"href":"https:\/\/annexeromainville.com\/index.php\/wp-json\/wp\/v2\/types\/page"}],"author":[{"embeddable":true,"href":"https:\/\/annexeromainville.com\/index.php\/wp-json\/wp\/v2\/users\/2"}],"replies":[{"embeddable":true,"href":"https:\/\/annexeromainville.com\/index.php\/wp-json\/wp\/v2\/comments?post=3165"}],"version-history":[{"count":17,"href":"https:\/\/annexeromainville.com\/index.php\/wp-json\/wp\/v2\/pages\/3165\/revisions"}],"predecessor-version":[{"id":5279,"href":"https:\/\/annexeromainville.com\/index.php\/wp-json\/wp\/v2\/pages\/3165\/revisions\/5279"}],"wp:attachment":[{"href":"https:\/\/annexeromainville.com\/index.php\/wp-json\/wp\/v2\/media?parent=3165"}],"curies":[{"name":"wp","href":"https:\/\/api.w.org\/{rel}","templated":true}]}}