{"id":357,"date":"2016-10-14T10:02:30","date_gmt":"2016-10-14T09:02:30","guid":{"rendered":"http:\/\/annexedutraindevie.com\/?page_id=357"},"modified":"2016-10-14T10:02:30","modified_gmt":"2016-10-14T09:02:30","slug":"biographie-de-michel-froehly","status":"publish","type":"page","link":"https:\/\/annexeromainville.com\/index.php\/biographie-de-michel-froehly\/","title":{"rendered":"Biographie de Michel Froehly"},"content":{"rendered":"<p style=\"text-align: center;\"><span style=\"color: #000000;\"><span style=\"text-decoration: underline;\"><strong>Bernard Bloch<\/strong><\/span><\/span><br \/>\n<span style=\"color: #000000;\"><em> Le Bouc<\/em> de Fassbinder<\/span><br \/>\n<span style=\"color: #000000;\"><em> Antoine et Cl\u00e9op\u00e2tre<\/em> de Shakespeare<\/span><\/p>\n<p style=\"text-align: center;\"><span style=\"color: #000000;\"><span style=\"text-decoration: underline;\"><strong>Jean-Louis Hourdin<\/strong><\/span><\/span><br \/>\n<span style=\"color: #000000;\"><em> L\u00e9once et L\u00e9na<\/em> de Buchner<\/span><br \/>\n<span style=\"color: #000000;\"><em> Libert\u00e9 \u00e0 Br\u00e8me<\/em> de Fassbinder<\/span><br \/>\n<span style=\"color: #000000;\"><em> La mort de Danton<\/em> de Buchner<\/span><br \/>\n<span style=\"color: #000000;\"><em> Le songe d&#8217;une nuit d&#8217;\u00e9t\u00e9<\/em> de Shakespeare<\/span><br \/>\n<span style=\"color: #000000;\"><em> La temp\u00eate<\/em> de Shakespeare<\/span><\/p>\n<p style=\"text-align: center;\"><span style=\"text-decoration: underline;\"><span style=\"color: #000000;\"><strong>Et d&#8217;autres metteurs en sc\u00e8nes<\/strong><\/span><\/span><br \/>\n<span style=\"color: #000000;\"><em> Nina c&#8217;est autre chose<\/em> de Vinaver et <em>La conqu\u00e8te du p\u00f4le sud<\/em> de Karge mise en sc\u00e8ne <strong>Mich\u00e8le Heydorff<\/strong><\/span><br \/>\n<span style=\"color: #000000;\"><em> Les travaux et les jours<\/em> de Vinaver mise en sc\u00e8ne<strong> Philippe Chanuel<\/strong><\/span><br \/>\n<span style=\"color: #000000;\"><em> En attendant Godot<\/em> de Beckett mise en sc\u00e8ne <strong>Philippe Chanuel<\/strong><\/span><br \/>\n<span style=\"color: #000000;\"><em> Alg\u00e9rie 54-62<\/em> de Jean Magnan mise en sc\u00e8ne<strong> Robert Giron\u00e8s<\/strong><\/span><br \/>\n<span style=\"color: #000000;\"><em> De l&#8217;aube \u00e0 minuit<\/em> de Georg Kaiser mise en sc\u00e8ne <strong>Lucile Perello Manuel Giron\u00e8s<\/strong><\/span><br \/>\n<span style=\"color: #000000;\"><em> Mlle\u00a0Julie<\/em> de August Strindberg mise en sc\u00e8ne <strong>Christophe Feltz<\/strong><\/span><br \/>\n<span style=\"color: #000000;\"><em> Les joues rouges<\/em> de Jules Renard mise en sc\u00e8ne <strong>Eve Ledig<\/strong><\/span><br \/>\n<span style=\"color: #000000;\"><em> Ubu roi<\/em> de Alfred Jarry mise en sc\u00e8ne <strong>Christian Chessa<\/strong><\/span><br \/>\n<span style=\"color: #000000;\"><em> Le bourgeois gentilhomme<\/em> de Moli\u00e8re mise en sc\u00e8ne <strong>Vivianne Th\u00e9ophilid\u00e8s<\/strong><\/span><\/p>\n<p style=\"text-align: center;\"><span style=\"color: #000000;\"><span style=\"text-decoration: underline;\"><strong>En tant que metteur en sc\u00e8ne il a mont\u00e9<\/strong><\/span>\u00a0:<\/span><br \/>\n<span style=\"color: #000000;\"><em> Bouge plus\u00a0!<\/em> de Philippe Dorin &#8211; 2004<\/span><br \/>\n<span style=\"color: #000000;\"><em> Sc\u00e8nes de chasse en Bavi\u00e8re<\/em> de Martin Speer (Paris)<\/span><br \/>\n<span style=\"color: #000000;\"><em> Travail \u00e0 Domicile<\/em> de Kroetz (Paris)<\/span><br \/>\n<span style=\"color: #000000;\"><em> Ren\u00e9e et Edmond<\/em> de Buchner\/Guitry\/Shakespeare\/Brecht\u2026(Strasbourg)<\/span><br \/>\n<span style=\"color: #000000;\"><em> Apr\u00e8s la r\u00e9p\u00e9tition<\/em> de Ingmar Bergman (Strasbourg)<\/span><br \/>\n<span style=\"color: #000000;\"><em> La danse de mort<\/em> de August Strindberg (Strasbourg)<\/span><br \/>\n<span style=\"color: #000000;\"><em> Family voice<\/em> de Pinter (Strasbourg)<\/span><br \/>\n<span style=\"color: #000000;\"><em> Diablogues<\/em> de Dubillard (Strasbourg)<\/span><br \/>\n<span style=\"color: #000000;\"><em> Vernissage<\/em> de Vaclav Havel (Strasbourg)<\/span><br \/>\n<span style=\"color: #000000;\"><em> Quai Ouest<\/em> de Kolt\u00e8s (th\u00e9\u00e2tre de la ville &#8211; Paris)<\/span><br \/>\n<span style=\"color: #000000;\"><em> Loin des c\u00e9vennes<\/em> de Fanny Stevenson\/Colas Valat (Montpellier)<\/span><br \/>\n<span style=\"color: #000000;\"><em> Souvenirs assassins<\/em> de Valletti (Montpellier)<\/span><br \/>\n<span style=\"color: #000000;\"><em> La mouche savoureuse<\/em> Cie les passagers clandestins (S\u00e8te)<\/span><br \/>\n<span style=\"color: #000000;\"><em> Pourquoi j&#8217;ai mang\u00e9 mon p\u00e8re<\/em> de Roy Lewis (Montpellier)<\/span><br \/>\n<span style=\"color: #000000;\"><em> Disputes montage<\/em> de texte (Anduze)<\/span><br \/>\n<span style=\"color: #000000;\"><em> Paroles de femmes<\/em> de Anne Cl\u00e9ment texte et chansons (N\u00eemes)<\/span><br \/>\n<span style=\"color: #000000;\"><em> Carton plein<\/em> de Valletti (N\u00eemes)<\/span><br \/>\n<span style=\"color: #000000;\"><em> Je voudrais pas crever<\/em> montage Boris Vian (N\u00eemes)<\/span><br \/>\n<span style=\"color: #000000;\"><em> Ivresse en Mir\u00e9mol<\/em> spectacle de cirque (Strasbourg)<\/span><br \/>\n<span style=\"color: #000000;\"><em> Jaune<\/em> spectacle de danse Cie\u00a0Eko (Strasbourg)<\/span><br \/>\n<span style=\"color: #000000;\"><em> Les Caprices de Marianne<\/em> d&#8217; Alfred de Musset Cie\u00a0Heure du loup (N\u00eemes)<\/span><br \/>\n<span style=\"color: #000000;\"><em> Abraham Mazel<\/em> d&#8217; Anne Cl\u00e9ment \/ Anne Cl\u00e9ment<\/span><br \/>\n<span style=\"color: #000000;\"><em> La demande en mariage<\/em> de Tchekhov<\/span><br \/>\n<span style=\"color: #000000;\"><em> La Ravissante Ronde du ravissant Mr\u00a0Schnitzler<\/em> de Werner Schwab<\/span><br \/>\n<span style=\"color: #000000;\"><em> Hortense a dit je m&#8217;en fous<\/em> de Feydeau<\/span><br \/>\n<span style=\"color: #000000;\"><em> Le Mariage forc\u00e9<\/em> de Moli\u00e8re<\/span><\/p>\n","protected":false},"excerpt":{"rendered":"<p>Bernard Bloch Le Bouc de Fassbinder Antoine et Cl\u00e9op\u00e2tre de Shakespeare Jean-Louis Hourdin L\u00e9once et L\u00e9na de Buchner Libert\u00e9 \u00e0 Br\u00e8me de Fassbinder La mort de Danton de Buchner Le<span class=\"read-more-wrap\"><a class=\"moretag\" href=\"https:\/\/annexeromainville.com\/index.php\/biographie-de-michel-froehly\/\">Lire la suite<span class=\"screen-reader-text\">Biographie de Michel Froehly<\/span><\/a><\/span><\/p>\n","protected":false},"author":2,"featured_media":0,"parent":0,"menu_order":0,"comment_status":"closed","ping_status":"closed","template":"","meta":{"_bbp_topic_count":0,"_bbp_reply_count":0,"_bbp_total_topic_count":0,"_bbp_total_reply_count":0,"_bbp_voice_count":0,"_bbp_anonymous_reply_count":0,"_bbp_topic_count_hidden":0,"_bbp_reply_count_hidden":0,"_bbp_forum_subforum_count":0,"ngg_post_thumbnail":0},"_links":{"self":[{"href":"https:\/\/annexeromainville.com\/index.php\/wp-json\/wp\/v2\/pages\/357"}],"collection":[{"href":"https:\/\/annexeromainville.com\/index.php\/wp-json\/wp\/v2\/pages"}],"about":[{"href":"https:\/\/annexeromainville.com\/index.php\/wp-json\/wp\/v2\/types\/page"}],"author":[{"embeddable":true,"href":"https:\/\/annexeromainville.com\/index.php\/wp-json\/wp\/v2\/users\/2"}],"replies":[{"embeddable":true,"href":"https:\/\/annexeromainville.com\/index.php\/wp-json\/wp\/v2\/comments?post=357"}],"version-history":[{"count":2,"href":"https:\/\/annexeromainville.com\/index.php\/wp-json\/wp\/v2\/pages\/357\/revisions"}],"predecessor-version":[{"id":1690,"href":"https:\/\/annexeromainville.com\/index.php\/wp-json\/wp\/v2\/pages\/357\/revisions\/1690"}],"wp:attachment":[{"href":"https:\/\/annexeromainville.com\/index.php\/wp-json\/wp\/v2\/media?parent=357"}],"curies":[{"name":"wp","href":"https:\/\/api.w.org\/{rel}","templated":true}]}}