{"id":371,"date":"2016-10-14T14:08:37","date_gmt":"2016-10-14T13:08:37","guid":{"rendered":"http:\/\/annexedutraindevie.com\/?page_id=371"},"modified":"2016-10-21T11:28:49","modified_gmt":"2016-10-21T10:28:49","slug":"babar","status":"publish","type":"page","link":"https:\/\/annexeromainville.com\/index.php\/babar\/","title":{"rendered":"B.A.B.A.R, Cie Le D\u00e9sordre des Choses"},"content":{"rendered":"<h3 style=\"text-align: justify;\"><span style=\"color: #000000;\"><a href=\"http:\/\/annexedutraindevie.com\/wp-content\/uploads\/2016\/10\/Babar-Affiche.jpg\"><img loading=\"lazy\" class=\"wp-image-372 aligncenter\" src=\"http:\/\/annexedutraindevie.com\/wp-content\/uploads\/2016\/10\/Babar-Affiche.jpg\" alt=\"babar-affiche\" width=\"395\" height=\"559\" srcset=\"https:\/\/annexeromainville.com\/wp-content\/uploads\/2016\/10\/Babar-Affiche.jpg 2481w, https:\/\/annexeromainville.com\/wp-content\/uploads\/2016\/10\/Babar-Affiche-212x300.jpg 212w, https:\/\/annexeromainville.com\/wp-content\/uploads\/2016\/10\/Babar-Affiche-768x1086.jpg 768w, https:\/\/annexeromainville.com\/wp-content\/uploads\/2016\/10\/Babar-Affiche-724x1024.jpg 724w, https:\/\/annexeromainville.com\/wp-content\/uploads\/2016\/10\/Babar-Affiche-424x600.jpg 424w\" sizes=\"(max-width: 395px) 100vw, 395px\" \/><\/a><\/span><\/h3>\n<h3 style=\"text-align: center;\"><span style=\"color: #000000;\">B.A.B.A.R (Le Transparent Noir)<\/span><\/h3>\n<h3 style=\"text-align: center;\"><span style=\"color: #000000;\">De Guillaume Cayet<\/span><\/h3>\n<h5 style=\"text-align: center;\"><span style=\"color: #000000;\"> Par la Compagnie Le D\u00e9sordre des Choses<\/span><\/h5>\n<p style=\"text-align: justify;\"><span style=\"color: #000000;\">L&#8217;annexe vous propose une soir\u00e9e lecture d&#8217;utilit\u00e9 publique du nouveau spectacle de la Compagnie <strong>Le D\u00e9sordre des Choses<\/strong> : <em>B.A.B.A.R (Le Transparent Noir)<\/em> de Guillaume Cayet.<\/span><br \/>\n<span style=\"color: #000000;\"> Vous pourrez entendre ce nouveau texte, avant la premi\u00e8re lecture \u00e0 Th\u00e9\u00e2tre Ouvert.<\/span><br \/>\n<span style=\"color: #000000;\"> Un \u00e9v\u00e9nement \u00e0 ne pas manquer!<\/span><\/p>\n<p style=\"text-align: justify;\"><span style=\"color: #000000;\">Apre\u0300s la cre\u0301ation en novembre-de\u0301cembre 2015 des <em>Immobiles<\/em> (texte de Guillaume Cayet, laure\u0301at des journe\u0301es des Auteurs de Lyon, prix France Culture, publie\u0301 aux \u00c9ditions The\u0301a\u0302trales), tourne\u0301 au The\u0301a\u0302tre du Verso a\u0300 Saint-Etienne, au The\u0301a\u0302tre de l\u2019\u00c9lys\u00e9e ainsi qu\u2019au Lavoir-Public a\u0300 Lyon, a\u0300 la Salle du Rexy a\u0300 Riom ainsi qu\u2019a\u0300 la sce\u0300ne conventionne\u0301e de La Me\u0301ridienne a\u0300 Lune\u0301ville, le <strong>De\u0301sordre des choses<\/strong> entame, selon les impe\u0301ratifs politiques que lui impose le climat actuel, pour les trois anne\u0301es a\u0300 venir un travail autour de la \u00ab fracture coloniale \u00bb intitule\u0301 <em>Sortir de la nuit<\/em>. Le The\u0301a\u0302tre de la Ville de Riom ayant de\u0301veloppe\u0301 apre\u0300s <em>Les Immobiles<\/em> un partenariat avec la compagnie, c\u2019est en ses murs notamment (re\u0301sidence de trois ans) que ce travail s\u2019e\u0301laborera.<\/span><br \/>\n<span style=\"color: #000000;\"> Celui-ci, tant historique, sociologique, que politique, tentera de soulever les nombreuses proble\u0301matiques lie\u0301es au passe\u0301 colonial de la France (son rapport avec ses anciennes colonies, son lien avec ses \u201cenfants de l\u2019immigration\u201c, la question des banlieues franc\u0327aises, de la franc\u0327afrique). Par le biais du the\u0301a\u0302tre, nous tenterons de mettre en repre\u0301sentation cet ineffable, c\u2019est a\u0300 dire de dresser la possibilite\u0301 d\u2019un poe\u0300me; celui de l\u2019Histoire.<\/span><br \/>\n<span style=\"color: #000000;\"> Premier volet de ce travail en triptyque: <em>B.A.B.A.R, (le transparent noir)<\/em>. Ou\u0300 il sera question de se positionner quant au multiculturalisme, ou\u0300 il sera question des re\u0301surgences coloniales, ou\u0300 il sera question de produire une poe\u0301tique du te\u0301moin, ou\u0300 il sera question de produire un the\u0301a\u0302tre a\u0300 la fois populaire et politique, ou\u0300 il sera question d\u2019un drame bourgeois se muant en oratorio urbain. Pour ce faire, nous nous sommes entoure\u0301-e-s d\u2019une rappeuse, Casey qui e\u0301crira une partie du texte, ainsi que des sociologues Nicolas Bancel et Ahmed Boubeker (spe\u0301cialistes du fait colonial, de l\u2019immigration et des banlieues).<\/span><\/p>\n<hr \/>\n<p style=\"text-align: justify;\"><a href=\"http:\/\/annexedutraindevie.com\/index.php\/biographie-de-guillaume-cayet\/\"><span style=\"color: #000000;\">CV de Guillaume Cayet<\/span><\/a><\/p>\n<p style=\"text-align: justify;\"><a href=\"http:\/\/annexedutraindevie.com\/index.php\/biographie-de-emmanuel-matte\/\"><span style=\"color: #000000;\">CV de Emmanuel Matte<\/span><\/a><\/p>\n<hr \/>\n<p style=\"text-align: justify;\"><a href=\"http:\/\/annexedutraindevie.com\/index.php\/reservation\/\"><span style=\"color: #000000;\">R\u00e9servations<\/span><\/a><\/p>\n<hr \/>\n<div style=\"text-align: center; width:560px; margin: 12px auto;\"><div style=\"margin: 4px 0px;\"><a href=\"http:\/\/calameo.com\/books\/004898593fa36a6d2fe18\">View this publication on Calam&eacute;o<\/a><\/div><iframe src=\"\/\/v.calameo.com\/?bkcode=004898593fa36a6d2fe18&amp;language=fr&amp;page=&amp;showsharemenu=true&amp;clickTo=view&amp;clickTarget=_self&amp;clickToUrl=&amp;autoFlip=0&amp;mode=mini&amp;view=book&amp;wmode=transparent\" width=\"560\" height=\"350\" style=\"width:560px;height:350px\" frameborder=\"0\" scrolling=\"no\" allowtransparency allowfullscreen><\/iframe><div style=\"margin: 4px 0px; font-size: 90%;\"><a rel=\"nofollow\" href=\"http:\/\/calameo.com\/upload\">Publish<\/a> at <a href=\"http:\/\/calameo.com\">Calam&eacute;o<\/a> or <a href=\"http:\/\/calameo.com\/browse\/weekly\/?o=7&amp;w=DESC\">browse<\/a> the library.<\/div><\/div>\n","protected":false},"excerpt":{"rendered":"<p>B.A.B.A.R (Le Transparent Noir) De Guillaume Cayet Par la Compagnie Le D\u00e9sordre des Choses L&#8217;annexe vous propose une soir\u00e9e lecture d&#8217;utilit\u00e9 publique du nouveau spectacle de la Compagnie Le D\u00e9sordre<span class=\"read-more-wrap\"><a class=\"moretag\" href=\"https:\/\/annexeromainville.com\/index.php\/babar\/\">Lire la suite<span class=\"screen-reader-text\">B.A.B.A.R, Cie Le D\u00e9sordre des Choses<\/span><\/a><\/span><\/p>\n","protected":false},"author":2,"featured_media":0,"parent":0,"menu_order":0,"comment_status":"closed","ping_status":"closed","template":"","meta":{"_bbp_topic_count":0,"_bbp_reply_count":0,"_bbp_total_topic_count":0,"_bbp_total_reply_count":0,"_bbp_voice_count":0,"_bbp_anonymous_reply_count":0,"_bbp_topic_count_hidden":0,"_bbp_reply_count_hidden":0,"_bbp_forum_subforum_count":0,"ngg_post_thumbnail":0},"_links":{"self":[{"href":"https:\/\/annexeromainville.com\/index.php\/wp-json\/wp\/v2\/pages\/371"}],"collection":[{"href":"https:\/\/annexeromainville.com\/index.php\/wp-json\/wp\/v2\/pages"}],"about":[{"href":"https:\/\/annexeromainville.com\/index.php\/wp-json\/wp\/v2\/types\/page"}],"author":[{"embeddable":true,"href":"https:\/\/annexeromainville.com\/index.php\/wp-json\/wp\/v2\/users\/2"}],"replies":[{"embeddable":true,"href":"https:\/\/annexeromainville.com\/index.php\/wp-json\/wp\/v2\/comments?post=371"}],"version-history":[{"count":9,"href":"https:\/\/annexeromainville.com\/index.php\/wp-json\/wp\/v2\/pages\/371\/revisions"}],"predecessor-version":[{"id":452,"href":"https:\/\/annexeromainville.com\/index.php\/wp-json\/wp\/v2\/pages\/371\/revisions\/452"}],"wp:attachment":[{"href":"https:\/\/annexeromainville.com\/index.php\/wp-json\/wp\/v2\/media?parent=371"}],"curies":[{"name":"wp","href":"https:\/\/api.w.org\/{rel}","templated":true}]}}