{"id":437,"date":"2016-10-21T10:33:25","date_gmt":"2016-10-21T09:33:25","guid":{"rendered":"http:\/\/annexedutraindevie.com\/?page_id=437"},"modified":"2016-10-21T10:33:25","modified_gmt":"2016-10-21T09:33:25","slug":"biographie-de-guillaume-cayet","status":"publish","type":"page","link":"https:\/\/annexeromainville.com\/index.php\/biographie-de-guillaume-cayet\/","title":{"rendered":"Biographie de Guillaume Cayet"},"content":{"rendered":"<p style=\"text-align: justify;\"><span style=\"color: #000000;\"><a href=\"http:\/\/annexedutraindevie.com\/wp-content\/uploads\/2016\/10\/Photo-Guillaume-Cayet-2000x2988.jpeg\"><img loading=\"lazy\" class=\"wp-image-438 alignleft\" src=\"http:\/\/annexedutraindevie.com\/wp-content\/uploads\/2016\/10\/Photo-Guillaume-Cayet-2000x2988.jpeg\" alt=\"photo-guillaume-cayet-2000x2988\" width=\"200\" height=\"299\" srcset=\"https:\/\/annexeromainville.com\/wp-content\/uploads\/2016\/10\/Photo-Guillaume-Cayet-2000x2988.jpeg 2000w, https:\/\/annexeromainville.com\/wp-content\/uploads\/2016\/10\/Photo-Guillaume-Cayet-2000x2988-201x300.jpeg 201w, https:\/\/annexeromainville.com\/wp-content\/uploads\/2016\/10\/Photo-Guillaume-Cayet-2000x2988-768x1147.jpeg 768w, https:\/\/annexeromainville.com\/wp-content\/uploads\/2016\/10\/Photo-Guillaume-Cayet-2000x2988-685x1024.jpeg 685w, https:\/\/annexeromainville.com\/wp-content\/uploads\/2016\/10\/Photo-Guillaume-Cayet-2000x2988-402x600.jpeg 402w\" sizes=\"(max-width: 200px) 100vw, 200px\" \/><\/a>Guillaume Cayet est n\u00e9 en 1990 \u00e0 Nancy. Parall\u00e8lement \u00e0 ses m\u00e9tiers d\u2019auteur et de dramaturge, il d\u00e9bute une th\u00e8se sous la direction d\u2019Olivier Neveux autour de la question \u00ab de la repr\u00e9sentation du peuple dans les \u00e9critures contemporaines \u00bb. De 2012 \u00e0 2015, il fait partie du d\u00e9partement \u00e9crivains dramaturges de l\u2019ENSATT sous la direction d\u2019Enzo Cormann et de Mathieu Bertholet. Durant ses trois ann\u00e9es de formation, il assiste Anne-Laure Li\u00e9geois, Hubert Colas, et entame un partenariat avec Julia Vidit (en tant qu\u2019auteur associ\u00e9, et dramaturge) et la compagnie Future Noire. En 2014, il publie Couarail chez Lanzmann. La m\u00eame ann\u00e9e, son texte <em>Les Immobiles<\/em> est laur\u00e9at des Journ\u00e9es des Auteurs de Lyon, coup de c\u0153ur France Culture. L\u2019ann\u00e9e suivante, <em>Proposition de rachat<\/em> est mis en onde par France Culture \u00e0 Th\u00e9\u00e2tre Ouvert, et <em>La nuit hurlera de chiens si les hirondelles ne sifflent pas<\/em> est laur\u00e9at du Prix Jamais Lu (mis en lecture \u00e0 Th\u00e9\u00e2tre Ouvert). Il publie cet Automne un triptyque autour de la lutte dans les milieux ruraux Retourner l\u2019effondrement comprenant <em>Une commune<\/em> (pi\u00e8ce qui sera cr\u00e9\u00e9e au Th\u00e9\u00e2tre de Vanves en 2017) et <em>Derni\u00e8res Pailles<\/em> (qui sera mis en sc\u00e8ne par Julia Vidit \u00e0 l\u2019ACB de Bar-Le-Duc). Son texte <em>Babar (le transparent noir)<\/em>, premier texte d\u2019une nouvelle recherche autour de la fracture coloniale, sera mis en lecture le 24 novembre lors du Festival Focus de Th\u00e9\u00e2tre Ouvert.<\/span><\/p>\n","protected":false},"excerpt":{"rendered":"<p>Guillaume Cayet est n\u00e9 en 1990 \u00e0 Nancy. Parall\u00e8lement \u00e0 ses m\u00e9tiers d\u2019auteur et de dramaturge, il d\u00e9bute une th\u00e8se sous la direction d\u2019Olivier Neveux autour de la question \u00ab<span class=\"read-more-wrap\"><a class=\"moretag\" href=\"https:\/\/annexeromainville.com\/index.php\/biographie-de-guillaume-cayet\/\">Lire la suite<span class=\"screen-reader-text\">Biographie de Guillaume Cayet<\/span><\/a><\/span><\/p>\n","protected":false},"author":2,"featured_media":0,"parent":0,"menu_order":0,"comment_status":"closed","ping_status":"closed","template":"","meta":{"_bbp_topic_count":0,"_bbp_reply_count":0,"_bbp_total_topic_count":0,"_bbp_total_reply_count":0,"_bbp_voice_count":0,"_bbp_anonymous_reply_count":0,"_bbp_topic_count_hidden":0,"_bbp_reply_count_hidden":0,"_bbp_forum_subforum_count":0,"ngg_post_thumbnail":0},"_links":{"self":[{"href":"https:\/\/annexeromainville.com\/index.php\/wp-json\/wp\/v2\/pages\/437"}],"collection":[{"href":"https:\/\/annexeromainville.com\/index.php\/wp-json\/wp\/v2\/pages"}],"about":[{"href":"https:\/\/annexeromainville.com\/index.php\/wp-json\/wp\/v2\/types\/page"}],"author":[{"embeddable":true,"href":"https:\/\/annexeromainville.com\/index.php\/wp-json\/wp\/v2\/users\/2"}],"replies":[{"embeddable":true,"href":"https:\/\/annexeromainville.com\/index.php\/wp-json\/wp\/v2\/comments?post=437"}],"version-history":[{"count":1,"href":"https:\/\/annexeromainville.com\/index.php\/wp-json\/wp\/v2\/pages\/437\/revisions"}],"predecessor-version":[{"id":439,"href":"https:\/\/annexeromainville.com\/index.php\/wp-json\/wp\/v2\/pages\/437\/revisions\/439"}],"wp:attachment":[{"href":"https:\/\/annexeromainville.com\/index.php\/wp-json\/wp\/v2\/media?parent=437"}],"curies":[{"name":"wp","href":"https:\/\/api.w.org\/{rel}","templated":true}]}}