{"id":555,"date":"2016-12-28T15:07:45","date_gmt":"2016-12-28T14:07:45","guid":{"rendered":"http:\/\/annexedutraindevie.com\/?page_id=555"},"modified":"2016-12-28T15:07:45","modified_gmt":"2016-12-28T14:07:45","slug":"les-enquetes-extraordinaires-de-yolanda-harps-2","status":"publish","type":"page","link":"https:\/\/annexeromainville.com\/index.php\/les-enquetes-extraordinaires-de-yolanda-harps-2\/","title":{"rendered":"Les Enqu\u00eates Extraordinaires de Yolanda Harps"},"content":{"rendered":"<h3 style=\"text-align: center;\"><span style=\"color: #000000;\"><a href=\"http:\/\/annexedutraindevie.com\/wp-content\/uploads\/2016\/10\/Affiche-Yolanda-alone.jpg\"><img loading=\"lazy\" class=\"aligncenter size-full wp-image-440\" src=\"http:\/\/annexedutraindevie.com\/wp-content\/uploads\/2016\/10\/Affiche-Yolanda-alone.jpg\" alt=\"affiche-yolanda-alone\" width=\"321\" height=\"440\" srcset=\"https:\/\/annexeromainville.com\/wp-content\/uploads\/2016\/10\/Affiche-Yolanda-alone.jpg 321w, https:\/\/annexeromainville.com\/wp-content\/uploads\/2016\/10\/Affiche-Yolanda-alone-219x300.jpg 219w\" sizes=\"(max-width: 321px) 100vw, 321px\" \/><\/a>Les enqu\u00eates extraordinaires de Yolanda Harps<\/span><\/h3>\n<p style=\"text-align: center;\"><span style=\"color: #000000;\">De, par et avec <strong>Mathilde Saubole<\/strong><\/span><br \/>\n<span style=\"color: #000000;\"> Coaching <strong>Virginia Galvan<\/strong><\/span><br \/>\n<span style=\"color: #000000;\"> Avec la participation de <strong>Delphine Bronzi<\/strong><\/span><\/p>\n<p style=\"text-align: center;\"><span style=\"color: #000000;\"><strong>Le vendredi 10 Mars \u00e0 20.00 et le samedi 11 Mars \u00e0 20.00<br \/>\n<\/strong><\/span><\/p>\n<p><span style=\"color: #000000;\">M\u00e9dium-d\u00e9tective qu\u00e9b\u00e9coise au grand c\u0153ur, Yolanda Harps, vous invite \u00e0 participer \u00e0 une enqu\u00eate hors du commun ! Ensemble, nous d\u00e9couvrirons les causes d&#8217;une myst\u00e9rieuse disparition survenue dans le voisinage&#8230;<\/span><\/p>\n<p><span style=\"color: #000000;\">Spectacle interactif entre rires, frissons et rebondissements en tous genres, ce soir vous parlerez avec les vivants et quelques morts&#8230;<br \/>\n<\/span><\/p>\n<p><span style=\"color: #000000;\">Mathilde Saubole est une com\u00e9dienne de la compagnie Jetzt, elle signe ici son premier opus, hommage au surr\u00e9alisme et \u00e0 l&#8217;absurde. Venez d\u00e9couvrir cette talentueuse artiste !<\/span><\/p>\n<hr \/>\n<p><a href=\"http:\/\/annexedutraindevie.com\/index.php\/biographie-de-mathilde-saubole\/\"><span style=\"color: #0000ff;\">Biographie de Mathilde Saubole<\/span><\/a><\/p>\n<hr \/>\n<p><span style=\"color: #0000ff;\"><a style=\"color: #0000ff;\" href=\"http:\/\/annexedutraindevie.com\/index.php\/reservation\/\">R\u00e9servations<\/a><\/span><\/p>\n","protected":false},"excerpt":{"rendered":"<p>Les enqu\u00eates extraordinaires de Yolanda Harps De, par et avec Mathilde Saubole Coaching Virginia Galvan Avec la participation de Delphine Bronzi Le vendredi 10 Mars \u00e0 20.00 et le samedi<span class=\"read-more-wrap\"><a class=\"moretag\" href=\"https:\/\/annexeromainville.com\/index.php\/les-enquetes-extraordinaires-de-yolanda-harps-2\/\">Lire la suite<span class=\"screen-reader-text\">Les Enqu\u00eates Extraordinaires de Yolanda Harps<\/span><\/a><\/span><\/p>\n","protected":false},"author":2,"featured_media":0,"parent":0,"menu_order":0,"comment_status":"closed","ping_status":"closed","template":"","meta":{"_bbp_topic_count":0,"_bbp_reply_count":0,"_bbp_total_topic_count":0,"_bbp_total_reply_count":0,"_bbp_voice_count":0,"_bbp_anonymous_reply_count":0,"_bbp_topic_count_hidden":0,"_bbp_reply_count_hidden":0,"_bbp_forum_subforum_count":0,"ngg_post_thumbnail":0},"_links":{"self":[{"href":"https:\/\/annexeromainville.com\/index.php\/wp-json\/wp\/v2\/pages\/555"}],"collection":[{"href":"https:\/\/annexeromainville.com\/index.php\/wp-json\/wp\/v2\/pages"}],"about":[{"href":"https:\/\/annexeromainville.com\/index.php\/wp-json\/wp\/v2\/types\/page"}],"author":[{"embeddable":true,"href":"https:\/\/annexeromainville.com\/index.php\/wp-json\/wp\/v2\/users\/2"}],"replies":[{"embeddable":true,"href":"https:\/\/annexeromainville.com\/index.php\/wp-json\/wp\/v2\/comments?post=555"}],"version-history":[{"count":1,"href":"https:\/\/annexeromainville.com\/index.php\/wp-json\/wp\/v2\/pages\/555\/revisions"}],"predecessor-version":[{"id":557,"href":"https:\/\/annexeromainville.com\/index.php\/wp-json\/wp\/v2\/pages\/555\/revisions\/557"}],"wp:attachment":[{"href":"https:\/\/annexeromainville.com\/index.php\/wp-json\/wp\/v2\/media?parent=555"}],"curies":[{"name":"wp","href":"https:\/\/api.w.org\/{rel}","templated":true}]}}