{"id":6272,"date":"2021-09-11T15:14:31","date_gmt":"2021-09-11T14:14:31","guid":{"rendered":"http:\/\/annexeromainville.com\/?page_id=6272"},"modified":"2025-09-29T13:31:35","modified_gmt":"2025-09-29T12:31:35","slug":"le-pole-auteur-de-lannexe","status":"publish","type":"page","link":"https:\/\/annexeromainville.com\/index.php\/le-pole-auteur-de-lannexe\/","title":{"rendered":"Le P\u00f4le Auteur de L&#8217;ANNEXE"},"content":{"rendered":"<div id=\"pl-6272\"  class=\"panel-layout\" ><div id=\"pg-6272-0\"  class=\"panel-grid panel-no-style\" ><div id=\"pgc-6272-0-0\"  class=\"panel-grid-cell\" ><div id=\"panel-6272-0-0-0\" class=\"so-panel widget widget_sow-image panel-first-child panel-last-child\" data-index=\"0\" ><div\n\t\t\t\n\t\t\tclass=\"so-widget-sow-image so-widget-sow-image-default-dbf295114b96-6272\"\n\t\t\t\n\t\t>\n<div class=\"sow-image-container\">\n\t\t<img \n\tsrc=\"https:\/\/annexeromainville.com\/wp-content\/uploads\/2021\/09\/pexels-cottonbro-4865545-scaled.jpg\" width=\"1706\" height=\"2560\" srcset=\"https:\/\/annexeromainville.com\/wp-content\/uploads\/2021\/09\/pexels-cottonbro-4865545-scaled.jpg 1706w, https:\/\/annexeromainville.com\/wp-content\/uploads\/2021\/09\/pexels-cottonbro-4865545-200x300.jpg 200w, https:\/\/annexeromainville.com\/wp-content\/uploads\/2021\/09\/pexels-cottonbro-4865545-683x1024.jpg 683w, https:\/\/annexeromainville.com\/wp-content\/uploads\/2021\/09\/pexels-cottonbro-4865545-768x1152.jpg 768w, https:\/\/annexeromainville.com\/wp-content\/uploads\/2021\/09\/pexels-cottonbro-4865545-1024x1536.jpg 1024w, https:\/\/annexeromainville.com\/wp-content\/uploads\/2021\/09\/pexels-cottonbro-4865545-1365x2048.jpg 1365w\" sizes=\"(max-width: 1706px) 100vw, 1706px\" title=\"Pole auteur \" alt=\"\" loading=\"lazy\" \t\tclass=\"so-widget-image\"\/>\n\t<\/div>\n\n<\/div><\/div><\/div><div id=\"pgc-6272-0-1\"  class=\"panel-grid-cell\" ><div id=\"panel-6272-0-1-0\" class=\"so-panel widget widget_sow-editor panel-first-child\" data-index=\"1\" ><div\n\t\t\t\n\t\t\tclass=\"so-widget-sow-editor so-widget-sow-editor-base\"\n\t\t\t\n\t\t><h3 class=\"widget-title\">Le P\u00f4le Auteur<\/h3>\n<div class=\"siteorigin-widget-tinymce textwidget\">\n\t<p><span style=\"color: #000000;\"><span class=\"JsGRdQ\">Le P\u00f4le Auteur permet \u00e0 des auteur.rices majoritairement<\/span> <span class=\"JsGRdQ\">de<\/span> <span class=\"JsGRdQ\">th\u00e9\u00e2tre <\/span><span class=\"JsGRdQ\">de b\u00e9n\u00e9ficier d\u2019un espace de travail collectif.<\/span><\/span><\/p>\n<p class=\"_04xlpA direction-ltr align-justify para-style-body\"><span class=\"JsGRdQ\" style=\"color: #000000;\">Il permet d\u2019\u00e9changer, de travailler - au rythme d\u2019<strong>un mercredi tous les mois<\/strong> - entre auteur.rices, autour des m\u00e9thodes de travail, des textes en cours, des interrogations. <\/span><span style=\"color: #000000;\"><span class=\"JsGRdQ\">Il favorise \u00e9galement <\/span><span class=\"JsGRdQ\">des rencontres entre professionnel.les du spectacle vivant, auteur.rices, \u00e9diteur.rices, et les publics<\/span><span class=\"JsGRdQ\">.<\/span><\/span><\/p>\n<p><span style=\"color: #000000;\">Le P\u00f4le Auteur propose \u00e9galement des ateliers ouverts \u00e0 destination des publics et des professionnel.les.<\/span><\/p>\n<p class=\"_04xlpA direction-ltr align-justify para-style-body\"><span class=\"JsGRdQ\" style=\"color: #000000;\">\u00cates-vous un.e auteur.rices, cherchez-vous un endroit pour travailler de mani\u00e8re collective et souhaitez rejoindre le P\u00f4le Auteur ? <span class=\"ILfuVd\" lang=\"fr\"><span class=\"hgKElc\">\u00c9c<\/span><\/span>rivez-nous \u00e0 l'adresse suivante : <span style=\"color: #ff0000;\">coordinationartistique@annexeromainville.com<\/span><br \/>\n<\/span><\/p>\n<\/div>\n<\/div><\/div><div id=\"panel-6272-0-1-1\" class=\"so-panel widget widget_sow-editor panel-last-child\" data-index=\"2\" ><div\n\t\t\t\n\t\t\tclass=\"so-widget-sow-editor so-widget-sow-editor-base\"\n\t\t\t\n\t\t>\n<div class=\"siteorigin-widget-tinymce textwidget\">\n\t<h2><span style=\"color: #000000;\"><strong>DATES ET HEURES :<\/strong><br \/>\n<\/span><\/h2>\n<p><span style=\"color: #000000;\">De 12h \u00e0 14h<\/span><\/p>\n<ul>\n<li>17 septembre<\/li>\n<li>8 Octobre<\/li>\n<li>19 Novembre<\/li>\n<li>17 D\u00e9cembre<\/li>\n<li>21 Janvier<\/li>\n<li>11 F\u00e9vrier<\/li>\n<li>11 Mars<\/li>\n<li>15 Avril<\/li>\n<li>27 mai<\/li>\n<li>17 Juin<\/li>\n<\/ul>\n<p>L'Annexe ouvrira ses portes une demie heure avant<\/p>\n<\/div>\n<\/div><\/div><\/div><\/div><\/div>","protected":false},"excerpt":{"rendered":"<p>Le P\u00f4le Auteur permet \u00e0 des auteur.rices majoritairement de th\u00e9\u00e2tre de b\u00e9n\u00e9ficier d\u2019un espace de travail collectif. Il permet d\u2019\u00e9changer, de travailler &#8211; au rythme d\u2019un mercredi tous les mois<span class=\"read-more-wrap\"><a class=\"moretag\" href=\"https:\/\/annexeromainville.com\/index.php\/le-pole-auteur-de-lannexe\/\">Lire la suite<span class=\"screen-reader-text\">Le P\u00f4le Auteur de L&#8217;ANNEXE<\/span><\/a><\/span><\/p>\n","protected":false},"author":2,"featured_media":0,"parent":0,"menu_order":0,"comment_status":"closed","ping_status":"closed","template":"","meta":{"_bbp_topic_count":0,"_bbp_reply_count":0,"_bbp_total_topic_count":0,"_bbp_total_reply_count":0,"_bbp_voice_count":0,"_bbp_anonymous_reply_count":0,"_bbp_topic_count_hidden":0,"_bbp_reply_count_hidden":0,"_bbp_forum_subforum_count":0,"ngg_post_thumbnail":0},"_links":{"self":[{"href":"https:\/\/annexeromainville.com\/index.php\/wp-json\/wp\/v2\/pages\/6272"}],"collection":[{"href":"https:\/\/annexeromainville.com\/index.php\/wp-json\/wp\/v2\/pages"}],"about":[{"href":"https:\/\/annexeromainville.com\/index.php\/wp-json\/wp\/v2\/types\/page"}],"author":[{"embeddable":true,"href":"https:\/\/annexeromainville.com\/index.php\/wp-json\/wp\/v2\/users\/2"}],"replies":[{"embeddable":true,"href":"https:\/\/annexeromainville.com\/index.php\/wp-json\/wp\/v2\/comments?post=6272"}],"version-history":[{"count":34,"href":"https:\/\/annexeromainville.com\/index.php\/wp-json\/wp\/v2\/pages\/6272\/revisions"}],"predecessor-version":[{"id":11086,"href":"https:\/\/annexeromainville.com\/index.php\/wp-json\/wp\/v2\/pages\/6272\/revisions\/11086"}],"wp:attachment":[{"href":"https:\/\/annexeromainville.com\/index.php\/wp-json\/wp\/v2\/media?parent=6272"}],"curies":[{"name":"wp","href":"https:\/\/api.w.org\/{rel}","templated":true}]}}