{"id":69,"date":"2016-08-23T15:21:54","date_gmt":"2016-08-23T14:21:54","guid":{"rendered":"http:\/\/annexedutraindevie.com\/?page_id=69"},"modified":"2022-08-18T16:31:09","modified_gmt":"2022-08-18T15:31:09","slug":"ou-nous-trouver","status":"publish","type":"page","link":"https:\/\/annexeromainville.com\/index.php\/ou-nous-trouver\/","title":{"rendered":"O\u00f9 Nous Trouver?"},"content":{"rendered":"<p><iframe loading=\"lazy\" style=\"border: 0px none;\" src=\"https:\/\/www.google.com\/maps\/embed?pb=!1m18!1m12!1m3!1d2623.7159499029735!2d2.433210015670361!3d48.882691279289915!2m3!1f0!2f0!3f0!3m2!1i1024!2i768!4f13.1!3m3!1m2!1s0x47e66d17c61ef77d%3A0x9d1451a9802692c!2sL'Annexe+du+Train+de+Vie!5e0!3m2!1sfr!2sfr!4v1484063613535\" allowfullscreen=\"allowfullscreen\" width=\"600\" height=\"450\" frameborder=\"0\"><span style=\"display: inline-block; width: 0px; overflow: hidden; line-height: 0;\" data-mce-type=\"bookmark\" class=\"mce_SELRES_start\">\ufeff<\/span><span style=\"display: inline-block; width: 0px; overflow: hidden; line-height: 0;\" data-mce-type=\"bookmark\" class=\"mce_SELRES_start\">\ufeff<\/span><\/iframe><\/p>\n<p><span style=\"text-decoration: underline;\"><strong><span style=\"color: #000000; text-decoration: underline;\">Venir \u00e0 L&#8217;Annexe<\/span><\/strong><\/span><strong><span style=\"color: #000000;\"> :<\/span><\/strong><\/p>\n<p><span style=\"color: #000000;\">Depuis Porte des Lilas\/Mairie des Lilas<\/span><\/p>\n<p><span style=\"color: #000000;\"><strong><span style=\"color: #ff9900;\">Bus 105<\/span><\/strong> <\/span><\/p>\n<p><span style=\"color: #000000;\">direction Mairie des Pavillons depuis porte des Lilas\/Mairie des Lilas<\/span><br \/>\n<span style=\"color: #000000;\">Arr\u00eat Mairie de Romainville: Remonter la rue de Paris jusqu&#8217;\u00e0 l&#8217;Avenue du Pr\u00e9sident Wilson<\/span><br \/>\n<span style=\"color: #000000;\">Tourner \u00e0 gauche jusqu&#8217;\u00e0 l&#8217;avenue de Verdun<br \/>\n<\/span><\/p>\n<p><span style=\"color: #000000;\"><strong><span style=\"color: #99cc00;\">Bus 129<\/span><\/strong> <\/span><\/p>\n<p><span style=\"color: #000000;\">direction Mairie de Montreuil, depuis porte des Lilas\/Mairie des Lilas<\/span><br \/>\n<span style=\"color: #000000;\">Arr\u00eat Mairie de Romainville: Remonter la rue de Paris jusqu&#8217;\u00e0 l&#8217;Avenue du Pr\u00e9sident Wilson<br \/>\nTourner \u00e0 gauche jusqu&#8217;\u00e0 l&#8217;avenue de Verdun<\/span><\/p>\n<p><span style=\"color: #000000;\"><strong><span style=\"color: #0000ff;\">Bus 318<\/span><\/strong>, direction Ch\u00e2teau de Vincennes, Depuis M\u00e9tro Ligne 5 Bobigny Pantin Raymond Queneau<\/span><br \/>\n<span style=\"color: #000000;\">Arr\u00eat Mairie de Romainville: Remonter la rue de Paris jusqu&#8217;\u00e0 l&#8217;Avenue du Pr\u00e9sident Wilson<br \/>\nTourner \u00e0 gauche jusqu&#8217;\u00e0 l&#8217;avenue de Verdun<\/span><\/p>\n<p>&nbsp;<\/p>\n<p><span style=\"color: #000000;\"><strong>A pied depuis Mairie des Lilas<\/strong> : Prendre l&#8217;avenue de la Libert\u00e9, puis continuer tout droit jusqu&#8217;\u00e0 L&#8217;Annexe.<\/span><\/p>\n","protected":false},"excerpt":{"rendered":"<p>\ufeff\ufeff Venir \u00e0 L&#8217;Annexe : Depuis Porte des Lilas\/Mairie des Lilas Bus 105 direction Mairie des Pavillons depuis porte des Lilas\/Mairie des Lilas Arr\u00eat Mairie de Romainville: Remonter la rue<span class=\"read-more-wrap\"><a class=\"moretag\" href=\"https:\/\/annexeromainville.com\/index.php\/ou-nous-trouver\/\">Lire la suite<span class=\"screen-reader-text\">O\u00f9 Nous Trouver?<\/span><\/a><\/span><\/p>\n","protected":false},"author":2,"featured_media":0,"parent":0,"menu_order":0,"comment_status":"closed","ping_status":"closed","template":"","meta":{"_bbp_topic_count":0,"_bbp_reply_count":0,"_bbp_total_topic_count":0,"_bbp_total_reply_count":0,"_bbp_voice_count":0,"_bbp_anonymous_reply_count":0,"_bbp_topic_count_hidden":0,"_bbp_reply_count_hidden":0,"_bbp_forum_subforum_count":0,"ngg_post_thumbnail":0},"_links":{"self":[{"href":"https:\/\/annexeromainville.com\/index.php\/wp-json\/wp\/v2\/pages\/69"}],"collection":[{"href":"https:\/\/annexeromainville.com\/index.php\/wp-json\/wp\/v2\/pages"}],"about":[{"href":"https:\/\/annexeromainville.com\/index.php\/wp-json\/wp\/v2\/types\/page"}],"author":[{"embeddable":true,"href":"https:\/\/annexeromainville.com\/index.php\/wp-json\/wp\/v2\/users\/2"}],"replies":[{"embeddable":true,"href":"https:\/\/annexeromainville.com\/index.php\/wp-json\/wp\/v2\/comments?post=69"}],"version-history":[{"count":12,"href":"https:\/\/annexeromainville.com\/index.php\/wp-json\/wp\/v2\/pages\/69\/revisions"}],"predecessor-version":[{"id":7770,"href":"https:\/\/annexeromainville.com\/index.php\/wp-json\/wp\/v2\/pages\/69\/revisions\/7770"}],"wp:attachment":[{"href":"https:\/\/annexeromainville.com\/index.php\/wp-json\/wp\/v2\/media?parent=69"}],"curies":[{"name":"wp","href":"https:\/\/api.w.org\/{rel}","templated":true}]}}