{"id":958,"date":"2017-05-18T12:10:49","date_gmt":"2017-05-18T11:10:49","guid":{"rendered":"http:\/\/annexedutraindevie.com\/?page_id=958"},"modified":"2020-06-09T15:42:18","modified_gmt":"2020-06-09T14:42:18","slug":"les-emois","status":"publish","type":"page","link":"https:\/\/annexeromainville.com\/index.php\/les-emois\/","title":{"rendered":"Les \u00e9mois"},"content":{"rendered":"<p><a href=\"http:\/\/annexedutraindevie.com\/wp-content\/uploads\/2018\/09\/Les-\u00e9mois.png\"><img loading=\"lazy\" class=\"aligncenter size-full wp-image-2098\" src=\"http:\/\/annexedutraindevie.com\/wp-content\/uploads\/2018\/09\/Les-\u00e9mois.png\" alt=\"\" width=\"229\" height=\"55\"><\/a><\/p>\n<p style=\"text-align: center;\"><span style=\"color: #000000;\">Les \u00e9mois sont des spectacles de formes courtes, pour les amateurs d&#8217;\u00e9motions.<\/span><\/p>\n<p><strong><span style=\"color: #000000;\"><span style=\"text-decoration: underline;\">Saison 2019\/2020<\/span> :<\/span><\/strong><br \/>\n<span style=\"color: #000000;\"><a href=\"https:\/\/annexeromainville.com\/index.php\/en-meme-temps\/\"><em>En M\u00eame Temps<\/em><\/a>, par la 56\u00e8me Cie<\/span><br \/>\n<span style=\"color: #000000;\"><em><a href=\"https:\/\/annexeromainville.com\/index.php\/je-suis-invisible\/\">Je Suis Invisible<\/a><\/em>, par La Fabrique Abrupte<\/span><br \/>\n<span style=\"color: #000000;\"><em><a href=\"https:\/\/annexeromainville.com\/index.php\/dessine-la-vie-comme-un-poeme\/\">Dessine la vie comme un Po\u00e8me<\/a><\/em>, par la Compagnie Ahoss\u00e9<\/span><\/p>\n<p><span style=\"text-decoration: underline; color: #000000;\"><strong>Saison 2018\/2019 :<\/strong><\/span><br \/>\n<span style=\"color: #000000;\"><a href=\"http:\/\/annexedutraindevie.com\/index.php\/9-mouvements-pour-une-cavale\/\"><em>9 mouvements pour une cavale<\/em><\/a>, par la Cie Le D\u00e9sordre des Choses, de Guillaume Cayet, par Fleur Sulmont et mise en espace par Aur\u00e9lia L\u00fcscher<\/span><\/p>\n<p><span style=\"text-decoration: underline;\"><strong><span style=\"color: #000000; text-decoration: underline;\">Saison 2017\/2018 :<\/span><\/strong><\/span><\/p>\n<p><span style=\"color: #000000;\"><em><a href=\"http:\/\/annexedutraindevie.com\/index.php\/les-tribulations-du-chat-moussik-et-de-son-maitre-nicolas\/\"> Les Tribulations du Chat Moussik et de son ma\u00eftre Nicolas<\/a><\/em>, avec Corinne Laporte et Marie Chabrun<\/span><br \/>\n<span style=\"color: #000000;\"><a href=\"http:\/\/annexedutraindevie.com\/index.php\/une-proposition\/\"><em> Une Proposition<\/em><\/a>, cr\u00e9ation collective de Juste Avant la Compagnie<\/span><\/p>\n<p><span style=\"text-decoration: underline;\"><strong><span style=\"color: #000000; text-decoration: underline;\">Saison 2016\/2017 :<\/span><\/strong><\/span><\/p>\n<p><span style=\"color: #000000;\"><a href=\"http:\/\/annexedutraindevie.com\/index.php\/en-ce-temps-la-lamour\/\"><em>En ce temps l\u00e0, l&#8217;amour&#8230;<\/em><\/a> de Gilles Segal, mise en sc\u00e8ne Pierre-Yves Desmonceaux.<\/span><\/p>\n","protected":false},"excerpt":{"rendered":"<p>Les \u00e9mois sont des spectacles de formes courtes, pour les amateurs d&#8217;\u00e9motions. Saison 2019\/2020 : En M\u00eame Temps, par la 56\u00e8me Cie Je Suis Invisible, par La Fabrique Abrupte Dessine<span class=\"read-more-wrap\"><a class=\"moretag\" href=\"https:\/\/annexeromainville.com\/index.php\/les-emois\/\">Lire la suite<span class=\"screen-reader-text\">Les \u00e9mois<\/span><\/a><\/span><\/p>\n","protected":false},"author":2,"featured_media":0,"parent":0,"menu_order":0,"comment_status":"closed","ping_status":"closed","template":"","meta":{"_bbp_topic_count":0,"_bbp_reply_count":0,"_bbp_total_topic_count":0,"_bbp_total_reply_count":0,"_bbp_voice_count":0,"_bbp_anonymous_reply_count":0,"_bbp_topic_count_hidden":0,"_bbp_reply_count_hidden":0,"_bbp_forum_subforum_count":0,"ngg_post_thumbnail":0},"_links":{"self":[{"href":"https:\/\/annexeromainville.com\/index.php\/wp-json\/wp\/v2\/pages\/958"}],"collection":[{"href":"https:\/\/annexeromainville.com\/index.php\/wp-json\/wp\/v2\/pages"}],"about":[{"href":"https:\/\/annexeromainville.com\/index.php\/wp-json\/wp\/v2\/types\/page"}],"author":[{"embeddable":true,"href":"https:\/\/annexeromainville.com\/index.php\/wp-json\/wp\/v2\/users\/2"}],"replies":[{"embeddable":true,"href":"https:\/\/annexeromainville.com\/index.php\/wp-json\/wp\/v2\/comments?post=958"}],"version-history":[{"count":8,"href":"https:\/\/annexeromainville.com\/index.php\/wp-json\/wp\/v2\/pages\/958\/revisions"}],"predecessor-version":[{"id":3464,"href":"https:\/\/annexeromainville.com\/index.php\/wp-json\/wp\/v2\/pages\/958\/revisions\/3464"}],"wp:attachment":[{"href":"https:\/\/annexeromainville.com\/index.php\/wp-json\/wp\/v2\/media?parent=958"}],"curies":[{"name":"wp","href":"https:\/\/api.w.org\/{rel}","templated":true}]}}